{"id":1396,"date":"2025-02-16T09:48:59","date_gmt":"2025-02-16T08:48:59","guid":{"rendered":"https:\/\/vitalsenior.es\/benestar-emocional-per-a-gent-gran\/"},"modified":"2026-02-06T18:28:49","modified_gmt":"2026-02-06T17:28:49","slug":"bienestar-emocional-personas-mayores","status":"publish","type":"page","link":"https:\/\/www.vitalsenior.es\/ca\/bienestar-emocional-personas-mayores\/","title":{"rendered":"Benestar emocional per a gent gran"},"content":{"rendered":"\n<div class=\"wp-block-stackable-columns stk-block-columns stk-block stk-30d429f\" data-block-id=\"30d429f\"><div class=\"stk-row stk-inner-blocks stk-block-content stk-content-align stk-30d429f-column\">\n<div class=\"wp-block-stackable-column stk-block-column stk-column stk-block stk-4853ffd stk-block-background stk--has-background-overlay\" data-v=\"4\" data-block-id=\"4853ffd\"><style>.stk-4853ffd-inner-blocks{row-gap:0px !important;}.stk-4853ffd {background-image:url(https:\/\/www.pink-gnu-148076.hostingersite.com\/wp-content\/uploads\/2025\/02\/psicologo_personas_mayores-scaled.jpg) !important;border-top-left-radius:10px !important;border-top-right-radius:10px !important;border-bottom-right-radius:10px !important;border-bottom-left-radius:10px !important;overflow:hidden !important;}.stk-4853ffd:before{background-color:#000000 !important;opacity:0.3 !important;}.stk-4853ffd-container{min-height:341px !important;}<\/style><div class=\"stk-column-wrapper stk-block-column__content stk-container stk-4853ffd-container stk--no-background stk--no-padding\"><div class=\"stk-block-content stk-inner-blocks stk-4853ffd-inner-blocks\">\n<div class=\"wp-block-stackable-heading stk-block-heading stk-block-heading--v2 stk-block stk-dda8502\" id=\"span-style-color-var-theme-palette-color-8-ffffff-class-stk-highlight-bienestar-emocional-para-p-mayores-span\" data-block-id=\"dda8502\"><style>.stk-dda8502 .stk-block-heading__top-line{height:4px !important;margin-bottom:0px !important;margin-left:auto !important;margin-right:auto !important;}.stk-dda8502 {align-items:center !important;margin-top:90px !important;display:flex !important;}.stk-dda8502 .stk-block-heading__text{font-size:50px !important;}@media screen and (max-width:999px){.stk-dda8502 .stk-block-heading__text{font-size:50px !important;}}<\/style><h1 class=\"stk-block-heading__text has-text-align-center\"><span style=\"color: var(--theme-palette-color-8, #ffffff);\" class=\"stk-highlight\">Benestar emocional per a gent gran<\/span><\/h1><\/div>\n<\/div><\/div><\/div>\n<\/div><\/div>\n\n<div class=\"wp-block-stackable-hero alignfull stk-block-hero stk-block stk-5e0ca17 is-style-default\" data-v=\"2\" data-block-id=\"5e0ca17\"><style>.stk-5e0ca17-inner-blocks{row-gap:0px !important;}.stk-5e0ca17 {margin-top:35px !important;}.stk-5e0ca17 .stk-block-hero__content{min-height:500px !important;align-items:center !important;display:flex !important;}<\/style><div class=\"stk-block-hero__content stk-content-align stk-5e0ca17-column stk-container stk-5e0ca17-container stk-hover-parent\"><div class=\"stk-block-content stk-inner-blocks has-text-align-center stk-5e0ca17-inner-blocks\">\n<div class=\"wp-block-stackable-heading stk-block-heading stk-block-heading--v2 stk-block stk-32966b8\" id=\"nuestros-servicios\" data-block-id=\"32966b8\"><style>@media screen and (max-width:999px){.stk-32966b8 {margin-bottom:12px !important;}}@media screen and (max-width:689px){.stk-32966b8 .stk-block-heading__text{font-size:24px !important;}}<\/style><h2 class=\"stk-block-heading__text\">Els nostres serveis<\/h2><\/div>\n\n\n\n<div class=\"wp-block-stackable-text stk-block-text stk-block stk-282ca46\" data-block-id=\"282ca46\"><style>.stk-282ca46 {max-width:493px !important;min-width:auto !important;margin-right:auto !important;margin-left:auto !important;}@media screen and (max-width:999px){.stk-282ca46 {margin-bottom:0px !important;}}<\/style><p class=\"stk-block-text__text\">Creiem que la felicitat i la salut emocional s\u00f3n essencials per a un envelliment ple. Els nostres serveis estan dissenyats per enfortir el benestar emocional de la gent gran a trav\u00e9s de tallers interactius, suport psicol\u00f2gic i activitats de socialitzaci\u00f3. <\/p><\/div>\n\n\n\n<div class=\"wp-block-stackable-columns stk-block-columns stk-block stk-f9f2926\" data-block-id=\"f9f2926\"><style>.stk-f9f2926 {margin-bottom:62px !important;}.stk-f9f2926-column{--stk-column-gap:20px !important;justify-content:center !important;}@media screen and (max-width:999px){.stk-f9f2926 {margin-bottom:62px !important;}.stk-f9f2926-column{--stk-column-gap:56px !important;}}<\/style><div class=\"stk-row stk-inner-blocks stk-block-content stk-content-align stk-f9f2926-column stk--flex\">\n<div class=\"wp-block-stackable-column stk-block-column stk-column stk-block stk-b85fdff\" data-v=\"4\" data-block-id=\"b85fdff\"><style>.stk-b85fdff {padding-top:40px !important;padding-bottom:40px !important;margin-right:auto !important;margin-left:auto !important;}.stk-b85fdff-container{background-color:linear-gradient(160deg,rgb(255,244,212) 0%,rgb(255,232,169) 53%) !important;border-top-left-radius:24px !important;border-top-right-radius:24px !important;border-bottom-right-radius:24px !important;border-bottom-left-radius:24px !important;overflow:hidden !important;box-shadow:0px 56px 40px 0px #fff4d4 !important;border-style:solid !important;border-color:#ffffff !important;border-top-width:1px !important;border-right-width:1px !important;border-bottom-width:1px !important;border-left-width:1px !important;max-width:280px !important;min-width:auto !important;margin-right:auto !important;margin-left:auto !important;}.stk-b85fdff-container:before{background-image:linear-gradient(160deg,rgb(255,244,212) 0%,rgb(255,232,169) 53%) !important;}<\/style><div class=\"stk-column-wrapper stk-block-column__content stk-container stk-b85fdff-container stk-hover-parent stk--has-background-overlay\"><div class=\"stk-block-content stk-inner-blocks stk-b85fdff-inner-blocks\">\n<div class=\"wp-block-stackable-columns stk-block-columns stk-block stk-ead80e5\" data-block-id=\"ead80e5\"><style>.stk-ead80e5 {margin-bottom:16px !important;}<\/style><div class=\"stk-row stk-inner-blocks stk-block-content stk-content-align stk-ead80e5-column\">\n<div class=\"wp-block-stackable-column stk-block-column stk-column stk-block stk-32c027b\" data-v=\"4\" data-block-id=\"32c027b\"><div class=\"stk-column-wrapper stk-block-column__content stk-container stk-32c027b-container stk--no-background stk--no-padding\"><div class=\"stk-block-content stk-inner-blocks stk-32c027b-inner-blocks\"><\/div><\/div><\/div>\n<\/div><\/div>\n\n\n\n<div class=\"wp-block-stackable-heading stk-block-heading stk-block-heading--v2 stk-block stk-e870a38\" id=\"span-style-color-var-stk-global-color-60579-1-c-1-c-1-c-class-stk-highlight-lorem-ipsum-span\" data-block-id=\"e870a38\"><style>.stk-e870a38 {margin-bottom:16px !important;}@media screen and (max-width:689px){.stk-e870a38 .stk-block-heading__text{font-size:20px !important;}}<\/style><h4 class=\"stk-block-heading__text has-text-align-center\"><strong>Tallers de Benestar Emocional<\/strong><\/h4><\/div>\n\n\n\n<div class=\"wp-block-stackable-text stk-block-text stk-block stk-e5491f5\" data-block-id=\"e5491f5\"><p class=\"stk-block-text__text has-text-align-center\">  Activitats de grup dissenyades per millorar l&#8217;autoestima, gestionar l&#8217;estr\u00e8s i fomentar emocions positives.<\/p><\/div>\n<\/div><\/div><\/div>\n\n\n\n<div class=\"wp-block-stackable-column stk-block-column stk-column stk-block stk-6d3f90e\" data-v=\"4\" data-block-id=\"6d3f90e\"><style>.stk-6d3f90e {padding-top:40px !important;padding-bottom:40px !important;margin-right:auto !important;margin-left:auto !important;}.stk-6d3f90e-container{background-color:linear-gradient(160deg,rgb(232,232,232) 0%,rgb(210,210,210) 53%) !important;border-top-left-radius:24px !important;border-top-right-radius:24px !important;border-bottom-right-radius:24px !important;border-bottom-left-radius:24px !important;overflow:hidden !important;box-shadow:0px 56px 60px 0px #e8e8e8 !important;border-style:solid !important;border-color:#ffffff !important;border-top-width:1px !important;border-right-width:1px !important;border-bottom-width:1px !important;border-left-width:1px !important;max-width:280px !important;min-width:auto !important;margin-right:auto !important;margin-left:auto !important;}.stk-6d3f90e-container:before{background-image:linear-gradient(160deg,rgb(232,232,232) 0%,rgb(210,210,210) 53%) !important;}<\/style><div class=\"stk-column-wrapper stk-block-column__content stk-container stk-6d3f90e-container stk-hover-parent stk--has-background-overlay\"><div class=\"stk-block-content stk-inner-blocks stk-6d3f90e-inner-blocks\">\n<div class=\"wp-block-stackable-columns stk-block-columns stk-block stk-64e8b05\" data-block-id=\"64e8b05\"><style>.stk-64e8b05 {margin-bottom:16px !important;}<\/style><div class=\"stk-row stk-inner-blocks stk-block-content stk-content-align stk-64e8b05-column\">\n<div class=\"wp-block-stackable-column stk-block-column stk-column stk-block stk-eb140c3\" data-v=\"4\" data-block-id=\"eb140c3\"><div class=\"stk-column-wrapper stk-block-column__content stk-container stk-eb140c3-container stk--no-background stk--no-padding\"><div class=\"stk-block-content stk-inner-blocks stk-eb140c3-inner-blocks\"><\/div><\/div><\/div>\n<\/div><\/div>\n\n\n\n<div class=\"wp-block-stackable-heading stk-block-heading stk-block-heading--v2 stk-block stk-07bf8c5\" id=\"span-style-color-var-stk-global-color-60579-1-c-1-c-1-c-class-stk-highlight-lorem-ipsum-span\" data-block-id=\"07bf8c5\"><style>.stk-07bf8c5 {margin-bottom:16px !important;}@media screen and (max-width:689px){.stk-07bf8c5 .stk-block-heading__text{font-size:20px !important;}}<\/style><h4 class=\"stk-block-heading__text has-text-align-center\">Psicologia per a Majors<\/h4><\/div>\n\n\n\n<div class=\"wp-block-stackable-text stk-block-text stk-block stk-6652d0a\" data-block-id=\"6652d0a\"><p class=\"stk-block-text__text has-text-align-center\">Comptem amb professionals especialitzats en el benestar psicol\u00f2gic de la gent gran.<\/p><\/div>\n<\/div><\/div><\/div>\n\n\n\n<div class=\"wp-block-stackable-column stk-block-column stk-column stk-block stk-0a7c470\" data-v=\"4\" data-block-id=\"0a7c470\"><style>.stk-0a7c470 {padding-top:40px !important;padding-bottom:40px !important;margin-right:auto !important;margin-left:auto !important;}.stk-0a7c470-container{background-color:linear-gradient(160deg,rgb(222,232,233) 0%,rgb(189,209,210) 53%) !important;border-top-left-radius:24px !important;border-top-right-radius:24px !important;border-bottom-right-radius:24px !important;border-bottom-left-radius:24px !important;overflow:hidden !important;box-shadow:0px 56px 74px 0px #dee8e9 !important;border-style:solid !important;border-color:#ffffff !important;border-top-width:1px !important;border-right-width:1px !important;border-bottom-width:1px !important;border-left-width:1px !important;max-width:280px !important;min-width:auto !important;margin-right:auto !important;margin-left:auto !important;}.stk-0a7c470-container:before{background-image:linear-gradient(160deg,rgb(222,232,233) 0%,rgb(189,209,210) 53%) !important;}<\/style><div class=\"stk-column-wrapper stk-block-column__content stk-container stk-0a7c470-container stk-hover-parent stk--has-background-overlay\"><div class=\"stk-block-content stk-inner-blocks stk-0a7c470-inner-blocks\">\n<div class=\"wp-block-stackable-columns stk-block-columns stk-block stk-5f7efa6\" data-block-id=\"5f7efa6\"><style>.stk-5f7efa6 {margin-bottom:16px !important;}<\/style><div class=\"stk-row stk-inner-blocks stk-block-content stk-content-align stk-5f7efa6-column\">\n<div class=\"wp-block-stackable-column stk-block-column stk-column stk-block stk-646336f\" data-v=\"4\" data-block-id=\"646336f\"><div class=\"stk-column-wrapper stk-block-column__content stk-container stk-646336f-container stk--no-background stk--no-padding\"><div class=\"stk-block-content stk-inner-blocks stk-646336f-inner-blocks\"><\/div><\/div><\/div>\n<\/div><\/div>\n\n\n\n<div class=\"wp-block-stackable-heading stk-block-heading stk-block-heading--v2 stk-block stk-3cc15c8\" id=\"span-style-color-var-stk-global-color-60579-1-c-1-c-1-c-class-stk-highlight-lorem-ipsum-span\" data-block-id=\"3cc15c8\"><style>.stk-3cc15c8 {margin-bottom:16px !important;}@media screen and (max-width:689px){.stk-3cc15c8 .stk-block-heading__text{font-size:20px !important;}}<\/style><h4 class=\"stk-block-heading__text has-text-align-center\">Socialitzaci\u00f3 i Comunitat<\/h4><\/div>\n\n\n\n<div class=\"wp-block-stackable-text stk-block-text stk-block stk-ae37a53\" data-block-id=\"ae37a53\"><p class=\"stk-block-text__text has-text-align-center\">a\u00efllament pot afectar la salut mental, per aix\u00f2 promovem activitats de socialitzaci\u00f3.<\/p><\/div>\n<\/div><\/div><\/div>\n<\/div><\/div>\n<\/div><\/div><\/div>\n\n<div class=\"wp-block-stackable-columns stk-block-columns stk-block stk-8b27b2c\" data-block-id=\"8b27b2c\"><div class=\"stk-row stk-inner-blocks stk-block-content stk-content-align stk-8b27b2c-column\">\n<div class=\"wp-block-stackable-column stk-block-column stk-column stk-block stk-4cf2575\" data-v=\"4\" data-block-id=\"4cf2575\"><div class=\"stk-column-wrapper stk-block-column__content stk-container stk-4cf2575-container stk--no-background stk--no-padding\"><div class=\"stk-block-content stk-inner-blocks stk-4cf2575-inner-blocks\"><\/div><\/div><\/div>\n<\/div><\/div>\n\n<div class=\"wp-block-stackable-heading stk-block-heading stk-block-heading--v2 stk-block stk-3b465b6\" id=\"servicios-para-el-bienestar-emocional-en-personas-mayores\" data-block-id=\"3b465b6\"><h2 class=\"stk-block-heading__text has-text-align-center\">Serveis per al Benestar Emocional en Gent Gran<\/h2><\/div>\n\n<div class=\"wp-block-stackable-columns alignfull stk-block-columns stk-block stk-88ea420\" data-block-id=\"88ea420\"><div class=\"stk-row stk-inner-blocks stk-block-content stk-content-align stk-88ea420-column\">\n<div class=\"wp-block-stackable-column stk-block-column stk-column stk-block stk-43be914\" data-v=\"4\" data-block-id=\"43be914\"><div class=\"stk-column-wrapper stk-block-column__content stk-container stk-43be914-container stk--no-background stk--no-padding\"><div class=\"stk-block-content stk-inner-blocks stk-43be914-inner-blocks\">\n<div class=\"wp-block-stackable-columns alignfull stk-block-columns stk-block stk-347cba4 stk-block-background\" data-block-id=\"347cba4\"><style>.stk-347cba4 {background-color:#dee8e9 !important;margin-bottom:3px !important;}.stk-347cba4:before{background-color:#dee8e9 !important;}<\/style><div class=\"stk-row stk-inner-blocks stk-block-content stk-content-align stk-347cba4-column\">\n<div class=\"wp-block-stackable-column stk-block-column stk-column stk-block stk-d446bd7\" data-v=\"4\" data-block-id=\"d446bd7\"><div class=\"stk-column-wrapper stk-block-column__content stk-container stk-d446bd7-container stk--no-background stk--no-padding\"><div class=\"stk-block-content stk-inner-blocks stk-d446bd7-inner-blocks\">\n<div class=\"wp-block-stackable-columns stk-block-columns stk-block stk-099edef\" data-block-id=\"099edef\"><div class=\"stk-row stk-inner-blocks stk-block-content stk-content-align stk-099edef-column\">\n<div class=\"wp-block-stackable-column stk-block-column stk-column stk-block stk-3f018ef\" data-v=\"4\" data-block-id=\"3f018ef\"><div class=\"stk-column-wrapper stk-block-column__content stk-container stk-3f018ef-container stk--no-background stk--no-padding\"><div class=\"stk-block-content stk-inner-blocks stk-3f018ef-inner-blocks\">\n<div class=\"wp-block-stackable-card stk-block-card stk-block stk-0ce521d is-style-default\" data-v=\"2\" data-block-id=\"0ce521d\"><style>.stk-0ce521d {border-top-left-radius:10px !important;border-top-right-radius:10px !important;border-bottom-right-radius:10px !important;border-bottom-left-radius:10px !important;overflow:hidden !important;}<\/style><div class=\"stk--no-padding stk-container stk-0ce521d-container stk-hover-parent\"><figure class=\"stk-block-card__image stk-img-wrapper stk-image--shape-stretch\"><img loading=\"lazy\" decoding=\"async\" class=\"stk-img wp-image-384\" src=\"https:\/\/pink-gnu-148076.hostingersite.com\/wp-content\/uploads\/2025\/02\/1_1_Gimnasio_mental_entreno_de_memoria-scaled.jpg\" width=\"2533\" height=\"2560\" srcset=\"https:\/\/www.vitalsenior.es\/wp-content\/uploads\/2025\/02\/1_1_Gimnasio_mental_entreno_de_memoria-scaled.jpg 2533w, https:\/\/www.vitalsenior.es\/wp-content\/uploads\/2025\/02\/1_1_Gimnasio_mental_entreno_de_memoria-scaled-100x100.jpg 100w, https:\/\/www.vitalsenior.es\/wp-content\/uploads\/2025\/02\/1_1_Gimnasio_mental_entreno_de_memoria-scaled-600x606.jpg 600w, https:\/\/www.vitalsenior.es\/wp-content\/uploads\/2025\/02\/1_1_Gimnasio_mental_entreno_de_memoria-297x300.jpg 297w, https:\/\/www.vitalsenior.es\/wp-content\/uploads\/2025\/02\/1_1_Gimnasio_mental_entreno_de_memoria-1013x1024.jpg 1013w, https:\/\/www.vitalsenior.es\/wp-content\/uploads\/2025\/02\/1_1_Gimnasio_mental_entreno_de_memoria-768x776.jpg 768w, https:\/\/www.vitalsenior.es\/wp-content\/uploads\/2025\/02\/1_1_Gimnasio_mental_entreno_de_memoria-1520x1536.jpg 1520w, https:\/\/www.vitalsenior.es\/wp-content\/uploads\/2025\/02\/1_1_Gimnasio_mental_entreno_de_memoria-2027x2048.jpg 2027w\" sizes=\"auto, (max-width: 2533px) 100vw, 2533px\" \/><\/figure><div class=\"stk-container-padding stk-block-card__content\"><div class=\"stk-block-content stk-inner-blocks stk-0ce521d-inner-blocks\">\n<div class=\"wp-block-stackable-heading stk-block-heading stk-block-heading--v2 stk-block stk-ef8cb06\" id=\"gimnasia-mental\" data-block-id=\"ef8cb06\"><style>.stk-ef8cb06 {margin-bottom:16px !important;}<\/style><h3 class=\"stk-block-heading__text\">Gimn\u00e0stica Mental  <\/h3><\/div>\n\n\n\n<div class=\"wp-block-stackable-heading stk-block-heading stk-block-heading--v2 stk-block stk-53a9108\" id=\"entrena-memoria-como-un-musculo\" data-block-id=\"53a9108\"><h5 class=\"stk-block-heading__text\">Entrena Mem\u00f2ria com un M\u00fascul<\/h5><\/div>\n\n\n\n<div class=\"wp-block-stackable-icon-list stk-block-icon-list stk-block stk-d4ea74c\" data-block-id=\"d4ea74c\"><svg style=\"display:none\"><defs><g id=\"stk-icon-list__icon-svg-def-d4ea74c\"><svg xmlns=\"http:\/\/www.w3.org\/2000\/svg\" viewBox=\"0 0 190 190\"><polygon points=\"173.8,28.4 60.4,141.8 15.7,97.2 5.1,107.8 60.4,163 184.4,39 173.8,28.4\"\/><\/svg><\/g><\/defs><\/svg><ul class=\"stk-block-icon-list__ul stk-block-icon-list--column\">\n<li class=\"wp-block-stackable-icon-list-item stk-block-icon-list-item stk-block stk-301122e\" data-block-id=\"301122e\"><div class=\"stk-block-icon-list-item__content\"><span class=\"stk--svg-wrapper\"><div class=\"stk--inner-svg\"><svg aria-hidden=\"true\" width=\"32\" height=\"32\"><use xlink:href=\"#stk-icon-list__icon-svg-def-d4ea74c\"\/><\/svg><\/div><\/span><span class=\"stk-block-icon-list-item__text\">Basat en t\u00e8cniques de neuroplasticitat i estimulaci\u00f3 cognitiva.<\/span><\/div><\/li>\n\n\n\n<li class=\"wp-block-stackable-icon-list-item stk-block-icon-list-item stk-block stk-aa36159\" data-block-id=\"aa36159\"><div class=\"stk-block-icon-list-item__content\"><span class=\"stk--svg-wrapper\"><div class=\"stk--inner-svg\"><svg aria-hidden=\"true\" width=\"32\" height=\"32\"><use xlink:href=\"#stk-icon-list__icon-svg-def-d4ea74c\"\/><\/svg><\/div><\/span><span class=\"stk-block-icon-list-item__text\">Jocs i desafiaments per enfortir la mem\u00f2ria de treball i la concentraci\u00f3.<\/span><\/div><\/li>\n\n\n\n<li class=\"wp-block-stackable-icon-list-item stk-block-icon-list-item stk-block stk-08c21c7\" data-block-id=\"08c21c7\"><div class=\"stk-block-icon-list-item__content\"><span class=\"stk--svg-wrapper\"><div class=\"stk--inner-svg\"><svg aria-hidden=\"true\" width=\"32\" height=\"32\"><use xlink:href=\"#stk-icon-list__icon-svg-def-d4ea74c\"\/><\/svg><\/div><\/span><span class=\"stk-block-icon-list-item__text\">Inclou rutines di\u00e0ries per entrenar la ment com si fos un gimn\u00e0s.<\/span><\/div><\/li>\n<\/ul><\/div>\n\n\n\n<div class=\"wp-block-stackable-button-group stk-block-button-group stk-block stk-1747ff6\" data-block-id=\"1747ff6\"><div class=\"stk-row stk-inner-blocks stk-block-content stk-button-group\">\n<div class=\"wp-block-stackable-button stk-block-button stk-block stk-8c82826\" data-block-id=\"8c82826\"><style>.stk-8c82826 .stk-button{border-top-left-radius:10px !important;border-top-right-radius:10px !important;border-bottom-right-radius:10px !important;border-bottom-left-radius:10px !important;}<\/style><a class=\"stk-link stk-button stk--hover-effect-darken\" href=\"https:\/\/pink-gnu-148076.hostingersite.com\/gimnasia-mental-entrena-memoria\/\" target=\"_blank\" rel=\"noopener\"><span class=\"stk-button__inner-text\">Saber m\u00e9s<\/span><\/a><\/div>\n<\/div><\/div>\n<\/div><\/div><a class=\"stk-link stk-block-link stk--transparent-overlay\" href=\"https:\/\/www.pink-gnu-148076.hostingersite.com\/gimnasia-mental-entrena-memoria\/\" aria-hidden=\"true\" tabindex=\"-1\" target=\"_blank\" rel=\"noopener\"><\/a><\/div><\/div>\n<\/div><\/div><\/div>\n\n\n\n<div class=\"wp-block-stackable-column stk-block-column stk-column stk-block stk-25491c3\" data-v=\"4\" data-block-id=\"25491c3\"><div class=\"stk-column-wrapper stk-block-column__content stk-container stk-25491c3-container stk--no-background stk--no-padding\"><div class=\"stk-block-content stk-inner-blocks stk-25491c3-inner-blocks\">\n<div class=\"wp-block-stackable-card stk-block-card stk-block stk-43dec07 is-style-default\" data-v=\"2\" data-block-id=\"43dec07\"><style>.stk-43dec07 {border-top-left-radius:10px !important;border-top-right-radius:10px !important;border-bottom-right-radius:10px !important;border-bottom-left-radius:10px !important;overflow:hidden !important;}<\/style><div class=\"stk--no-padding stk-container stk-43dec07-container stk-hover-parent\"><figure class=\"stk-block-card__image stk-img-wrapper stk-image--shape-stretch\"><img loading=\"lazy\" decoding=\"async\" class=\"stk-img wp-image-385\" src=\"https:\/\/pink-gnu-148076.hostingersite.com\/wp-content\/uploads\/2025\/02\/1_2_memoria_musical_recuerdos-scaled.jpg\" width=\"2560\" height=\"1707\" srcset=\"https:\/\/www.vitalsenior.es\/wp-content\/uploads\/2025\/02\/1_2_memoria_musical_recuerdos-scaled.jpg 2560w, https:\/\/www.vitalsenior.es\/wp-content\/uploads\/2025\/02\/1_2_memoria_musical_recuerdos-scaled-600x400.jpg 600w, https:\/\/www.vitalsenior.es\/wp-content\/uploads\/2025\/02\/1_2_memoria_musical_recuerdos-300x200.jpg 300w, https:\/\/www.vitalsenior.es\/wp-content\/uploads\/2025\/02\/1_2_memoria_musical_recuerdos-1024x683.jpg 1024w, https:\/\/www.vitalsenior.es\/wp-content\/uploads\/2025\/02\/1_2_memoria_musical_recuerdos-768x512.jpg 768w, https:\/\/www.vitalsenior.es\/wp-content\/uploads\/2025\/02\/1_2_memoria_musical_recuerdos-1536x1024.jpg 1536w, https:\/\/www.vitalsenior.es\/wp-content\/uploads\/2025\/02\/1_2_memoria_musical_recuerdos-2048x1365.jpg 2048w\" sizes=\"auto, (max-width: 2560px) 100vw, 2560px\" \/><\/figure><div class=\"stk-container-padding stk-block-card__content\"><div class=\"stk-block-content stk-inner-blocks stk-43dec07-inner-blocks\">\n<div class=\"wp-block-stackable-heading stk-block-heading stk-block-heading--v2 stk-block stk-8dd220d\" id=\"memoria-musical\" data-block-id=\"8dd220d\"><style>.stk-8dd220d {margin-bottom:16px !important;}<\/style><h3 class=\"stk-block-heading__text\">Mem\u00f2ria Musical  <\/h3><\/div>\n\n\n\n<div class=\"wp-block-stackable-heading stk-block-heading stk-block-heading--v2 stk-block stk-4feff9f\" id=\"recuerdos-a-traves-de-la-musica\" data-block-id=\"4feff9f\"><h5 class=\"stk-block-heading__text\">Records a trav\u00e9s de la m\u00fasica<\/h5><\/div>\n\n\n\n<div class=\"wp-block-stackable-icon-list stk-block-icon-list stk-block stk-96a1894\" data-block-id=\"96a1894\"><svg style=\"display:none\"><defs><g id=\"stk-icon-list__icon-svg-def-96a1894\"><svg xmlns=\"http:\/\/www.w3.org\/2000\/svg\" viewBox=\"0 0 190 190\"><polygon points=\"173.8,28.4 60.4,141.8 15.7,97.2 5.1,107.8 60.4,163 184.4,39 173.8,28.4\"\/><\/svg><\/g><\/defs><\/svg><ul class=\"stk-block-icon-list__ul stk-block-icon-list--column\">\n<li class=\"wp-block-stackable-icon-list-item stk-block-icon-list-item stk-block stk-380ba25\" data-block-id=\"380ba25\"><div class=\"stk-block-icon-list-item__content\"><span class=\"stk--svg-wrapper\"><div class=\"stk--inner-svg\"><svg aria-hidden=\"true\" width=\"32\" height=\"32\"><use xlink:href=\"#stk-icon-list__icon-svg-def-96a1894\"\/><\/svg><\/div><\/span><span class=\"stk-block-icon-list-item__text\">\u00das de can\u00e7ons antigues per estimular la mem\u00f2ria autobiogr\u00e0fica.<\/span><\/div><\/li>\n\n\n\n<li class=\"wp-block-stackable-icon-list-item stk-block-icon-list-item stk-block stk-ccbcb6f\" data-block-id=\"ccbcb6f\"><div class=\"stk-block-icon-list-item__content\"><span class=\"stk--svg-wrapper\"><div class=\"stk--inner-svg\"><svg aria-hidden=\"true\" width=\"32\" height=\"32\"><use xlink:href=\"#stk-icon-list__icon-svg-def-96a1894\"\/><\/svg><\/div><\/span><span class=\"stk-block-icon-list-item__text\">Associaci\u00f3 de melodies amb records per enfortir connexions neuronals.<\/span><\/div><\/li>\n\n\n\n<li class=\"wp-block-stackable-icon-list-item stk-block-icon-list-item stk-block stk-c657835\" data-block-id=\"c657835\"><div class=\"stk-block-icon-list-item__content\"><span class=\"stk--svg-wrapper\"><div class=\"stk--inner-svg\"><svg aria-hidden=\"true\" width=\"32\" height=\"32\"><use xlink:href=\"#stk-icon-list__icon-svg-def-96a1894\"\/><\/svg><\/div><\/span><span class=\"stk-block-icon-list-item__text\">Exercicis de cant, ritme i moviment per activar diferents \u00e0rees del cervell.<\/span><\/div><\/li>\n<\/ul><\/div>\n\n\n\n<div class=\"wp-block-stackable-button-group stk-block-button-group stk-block stk-e09d33f\" data-block-id=\"e09d33f\"><div class=\"stk-row stk-inner-blocks stk-block-content stk-button-group\">\n<div class=\"wp-block-stackable-button stk-block-button stk-block stk-271f67b\" data-block-id=\"271f67b\"><style>.stk-271f67b .stk-button{border-top-left-radius:10px !important;border-top-right-radius:10px !important;border-bottom-right-radius:10px !important;border-bottom-left-radius:10px !important;}<\/style><a class=\"stk-link stk-button stk--hover-effect-darken\" href=\"https:\/\/www.pink-gnu-148076.hostingersite.com\/taller-de-memoria-musical-recuerdos\/\" target=\"_blank\" rel=\"noopener\"><span class=\"stk-button__inner-text\">Saber m\u00e9s<\/span><\/a><\/div>\n<\/div><\/div>\n<\/div><\/div><a class=\"stk-link stk-block-link stk--transparent-overlay\" href=\"https:\/\/www.pink-gnu-148076.hostingersite.com\/taller-de-memoria-musical-recuerdos\/\" aria-hidden=\"true\" tabindex=\"-1\" target=\"_blank\" rel=\"noopener\"><\/a><\/div><\/div>\n<\/div><\/div><\/div>\n\n\n\n<div class=\"wp-block-stackable-column stk-block-column stk-column stk-block stk-8765dbc\" data-v=\"4\" data-block-id=\"8765dbc\"><div class=\"stk-column-wrapper stk-block-column__content stk-container stk-8765dbc-container stk--no-background stk--no-padding\"><div class=\"stk-block-content stk-inner-blocks stk-8765dbc-inner-blocks\">\n<div class=\"wp-block-stackable-card stk-block-card stk-block stk-9e0654b is-style-default\" data-v=\"2\" data-block-id=\"9e0654b\"><style>.stk-9e0654b {border-top-left-radius:10px !important;border-top-right-radius:10px !important;border-bottom-right-radius:10px !important;border-bottom-left-radius:10px !important;overflow:hidden !important;}.stk-9e0654b-container{border-top-left-radius:0px !important;border-top-right-radius:0px !important;border-bottom-right-radius:0px !important;border-bottom-left-radius:0px !important;overflow:hidden !important;}<\/style><div class=\"stk--no-padding stk-container stk-9e0654b-container stk-hover-parent\"><figure class=\"stk-block-card__image stk-img-wrapper stk-image--shape-stretch\"><img loading=\"lazy\" decoding=\"async\" class=\"stk-img wp-image-386\" src=\"https:\/\/pink-gnu-148076.hostingersite.com\/wp-content\/uploads\/2025\/02\/1_3_juegos_de_memoria_con_tecnologia-scaled.jpg\" width=\"2560\" height=\"2560\" srcset=\"https:\/\/www.vitalsenior.es\/wp-content\/uploads\/2025\/02\/1_3_juegos_de_memoria_con_tecnologia-scaled.jpg 2560w, https:\/\/www.vitalsenior.es\/wp-content\/uploads\/2025\/02\/1_3_juegos_de_memoria_con_tecnologia-300x300.jpg 300w, https:\/\/www.vitalsenior.es\/wp-content\/uploads\/2025\/02\/1_3_juegos_de_memoria_con_tecnologia-scaled-100x100.jpg 100w, https:\/\/www.vitalsenior.es\/wp-content\/uploads\/2025\/02\/1_3_juegos_de_memoria_con_tecnologia-scaled-600x600.jpg 600w, https:\/\/www.vitalsenior.es\/wp-content\/uploads\/2025\/02\/1_3_juegos_de_memoria_con_tecnologia-scaled-500x500.jpg 500w, https:\/\/www.vitalsenior.es\/wp-content\/uploads\/2025\/02\/1_3_juegos_de_memoria_con_tecnologia-1024x1024.jpg 1024w, https:\/\/www.vitalsenior.es\/wp-content\/uploads\/2025\/02\/1_3_juegos_de_memoria_con_tecnologia-150x150.jpg 150w, https:\/\/www.vitalsenior.es\/wp-content\/uploads\/2025\/02\/1_3_juegos_de_memoria_con_tecnologia-768x768.jpg 768w, https:\/\/www.vitalsenior.es\/wp-content\/uploads\/2025\/02\/1_3_juegos_de_memoria_con_tecnologia-1536x1536.jpg 1536w, https:\/\/www.vitalsenior.es\/wp-content\/uploads\/2025\/02\/1_3_juegos_de_memoria_con_tecnologia-2048x2048.jpg 2048w\" sizes=\"auto, (max-width: 2560px) 100vw, 2560px\" \/><\/figure><div class=\"stk-container-padding stk-block-card__content\"><div class=\"stk-block-content stk-inner-blocks stk-9e0654b-inner-blocks\">\n<div class=\"wp-block-stackable-heading stk-block-heading stk-block-heading--v2 stk-block stk-159a9d7\" id=\"juegos-de-con-tecnologia\" data-block-id=\"159a9d7\"><style>.stk-159a9d7 {margin-bottom:16px !important;}<\/style><h3 class=\"stk-block-heading__text\">Jocs de Mem\u00f2ria amb Tecnologia  <\/h3><\/div>\n\n\n\n<div class=\"wp-block-stackable-heading stk-block-heading stk-block-heading--v2 stk-block stk-7b7853d\" id=\"apps-para-la-memoria\" data-block-id=\"7b7853d\"><h5 class=\"stk-block-heading__text\">Apps per a la Mem\u00f2ria<\/h5><\/div>\n\n\n\n<div class=\"wp-block-stackable-icon-list stk-block-icon-list stk-block stk-d049503\" data-block-id=\"d049503\"><svg style=\"display:none\"><defs><g id=\"stk-icon-list__icon-svg-def-d049503\"><svg xmlns=\"http:\/\/www.w3.org\/2000\/svg\" viewBox=\"0 0 190 190\"><polygon points=\"173.8,28.4 60.4,141.8 15.7,97.2 5.1,107.8 60.4,163 184.4,39 173.8,28.4\"\/><\/svg><\/g><\/defs><\/svg><ul class=\"stk-block-icon-list__ul stk-block-icon-list--column\">\n<li class=\"wp-block-stackable-icon-list-item stk-block-icon-list-item stk-block stk-7364888\" data-block-id=\"7364888\"><div class=\"stk-block-icon-list-item__content\"><span class=\"stk--svg-wrapper\"><div class=\"stk--inner-svg\"><svg aria-hidden=\"true\" width=\"32\" height=\"32\"><use xlink:href=\"#stk-icon-list__icon-svg-def-d049503\"\/><\/svg><\/div><\/span><span class=\"stk-block-icon-list-item__text\">  Introducci\u00f3 a apps com Lumosity, Elevate i CogniFit.<\/span><\/div><\/li>\n\n\n\n<li class=\"wp-block-stackable-icon-list-item stk-block-icon-list-item stk-block stk-68a2b50\" data-block-id=\"68a2b50\"><div class=\"stk-block-icon-list-item__content\"><span class=\"stk--svg-wrapper\"><div class=\"stk--inner-svg\"><svg aria-hidden=\"true\" width=\"32\" height=\"32\"><use xlink:href=\"#stk-icon-list__icon-svg-def-d049503\"\/><\/svg><\/div><\/span><span class=\"stk-block-icon-list-item__text\">Jocs digitals dissenyats per millorar la mem\u00f2ria i lagilitat mental.<\/span><\/div><\/li>\n<\/ul><\/div>\n\n\n\n<div class=\"wp-block-stackable-button-group stk-block-button-group stk-block stk-9e5c967\" data-block-id=\"9e5c967\"><div class=\"stk-row stk-inner-blocks stk-block-content stk-button-group\">\n<div class=\"wp-block-stackable-button stk-block-button stk-block stk-cd8af32\" data-block-id=\"cd8af32\"><style>.stk-cd8af32 .stk-button{border-top-left-radius:10px !important;border-top-right-radius:10px !important;border-bottom-right-radius:10px !important;border-bottom-left-radius:10px !important;}<\/style><a class=\"stk-link stk-button stk--hover-effect-darken\" href=\"https:\/\/pink-gnu-148076.hostingersite.com\/taller-de-memoria-con-teconologia\/\" target=\"_blank\" rel=\"noopener\"><span class=\"stk-button__inner-text\">Saber m\u00e9s<\/span><\/a><\/div>\n<\/div><\/div>\n<\/div><\/div><a class=\"stk-link stk-block-link stk--transparent-overlay\" href=\"https:\/\/www.pink-gnu-148076.hostingersite.com\/taller-de-memoria-con-teconologia\/\" aria-hidden=\"true\" tabindex=\"-1\" target=\"_blank\" rel=\"noopener\"><\/a><\/div><\/div>\n<\/div><\/div><\/div>\n<\/div><\/div>\n<\/div><\/div><\/div>\n<\/div><\/div>\n\n\n\n<div class=\"wp-block-stackable-columns stk-block-columns stk-block stk-8193d5d\" data-block-id=\"8193d5d\"><div class=\"stk-row stk-inner-blocks stk-block-content stk-content-align stk-8193d5d-column\">\n<div class=\"wp-block-stackable-column stk-block-column stk-column stk-block stk-e1d7e42\" data-v=\"4\" data-block-id=\"e1d7e42\"><div class=\"stk-column-wrapper stk-block-column__content stk-container stk-e1d7e42-container stk--no-background stk--no-padding\"><div class=\"stk-block-content stk-inner-blocks stk-e1d7e42-inner-blocks\">\n<div class=\"wp-block-stackable-card stk-block-card stk-block stk-44756df is-style-default\" data-v=\"2\" data-block-id=\"44756df\"><style>.stk-44756df {border-top-left-radius:10px !important;border-top-right-radius:10px !important;border-bottom-right-radius:10px !important;border-bottom-left-radius:10px !important;overflow:hidden !important;}<\/style><div class=\"stk--no-padding stk-container stk-44756df-container stk-hover-parent\"><figure class=\"stk-block-card__image stk-img-wrapper stk-image--shape-stretch\"><img loading=\"lazy\" decoding=\"async\" class=\"stk-img wp-image-500\" src=\"https:\/\/pink-gnu-148076.hostingersite.com\/wp-content\/uploads\/2025\/02\/01_psicologo_personas_mayores.png\" width=\"2500\" height=\"2500\" srcset=\"https:\/\/www.vitalsenior.es\/wp-content\/uploads\/2025\/02\/01_psicologo_personas_mayores.png 2500w, https:\/\/www.vitalsenior.es\/wp-content\/uploads\/2025\/02\/01_psicologo_personas_mayores-300x300.png 300w, https:\/\/www.vitalsenior.es\/wp-content\/uploads\/2025\/02\/01_psicologo_personas_mayores-100x100.png 100w, https:\/\/www.vitalsenior.es\/wp-content\/uploads\/2025\/02\/01_psicologo_personas_mayores-600x600.png 600w, https:\/\/www.vitalsenior.es\/wp-content\/uploads\/2025\/02\/01_psicologo_personas_mayores-500x500.png 500w, https:\/\/www.vitalsenior.es\/wp-content\/uploads\/2025\/02\/01_psicologo_personas_mayores-1024x1024.png 1024w, https:\/\/www.vitalsenior.es\/wp-content\/uploads\/2025\/02\/01_psicologo_personas_mayores-150x150.png 150w, https:\/\/www.vitalsenior.es\/wp-content\/uploads\/2025\/02\/01_psicologo_personas_mayores-768x768.png 768w, https:\/\/www.vitalsenior.es\/wp-content\/uploads\/2025\/02\/01_psicologo_personas_mayores-1536x1536.png 1536w, https:\/\/www.vitalsenior.es\/wp-content\/uploads\/2025\/02\/01_psicologo_personas_mayores-2048x2048.png 2048w\" sizes=\"auto, (max-width: 2500px) 100vw, 2500px\" \/><\/figure><div class=\"stk-container-padding stk-block-card__content\"><div class=\"stk-block-content stk-inner-blocks stk-44756df-inner-blocks\">\n<div class=\"wp-block-stackable-heading stk-block-heading stk-block-heading--v2 stk-block stk-c9bc446\" id=\"terapia-psicologica\" data-block-id=\"c9bc446\"><style>.stk-c9bc446 {margin-bottom:16px !important;}<\/style><h3 class=\"stk-block-heading__text has-text-align-center\">Ter\u00e0pia Psicol\u00f2gica  <\/h3><\/div>\n\n\n\n<div class=\"wp-block-stackable-heading stk-block-heading stk-block-heading--v2 stk-block stk-1401134\" id=\"individual-y-grupal\" data-block-id=\"1401134\"><h5 class=\"stk-block-heading__text has-text-align-center\">Individual i Grupal<\/h5><\/div>\n\n\n\n<div class=\"wp-block-stackable-icon-list stk-block-icon-list stk-block stk-0cef2eb\" data-block-id=\"0cef2eb\"><svg style=\"display:none\"><defs><g id=\"stk-icon-list__icon-svg-def-0cef2eb\"><svg xmlns=\"http:\/\/www.w3.org\/2000\/svg\" viewBox=\"0 0 190 190\"><polygon points=\"173.8,28.4 60.4,141.8 15.7,97.2 5.1,107.8 60.4,163 184.4,39 173.8,28.4\"\/><\/svg><\/g><\/defs><\/svg><ul class=\"stk-block-icon-list__ul stk-block-icon-list--column\">\n<li class=\"wp-block-stackable-icon-list-item stk-block-icon-list-item stk-block stk-44967d9\" data-block-id=\"44967d9\"><div class=\"stk-block-icon-list-item__content\"><span class=\"stk--svg-wrapper\"><div class=\"stk--inner-svg\"><svg aria-hidden=\"true\" width=\"32\" height=\"32\"><use xlink:href=\"#stk-icon-list__icon-svg-def-0cef2eb\"\/><\/svg><\/div><\/span><span class=\"stk-block-icon-list-item__text\">Suport emocional per gestionar ansietat, dol, depressi\u00f3 o canvis a la vida.<\/span><\/div><\/li>\n\n\n\n<li class=\"wp-block-stackable-icon-list-item stk-block-icon-list-item stk-block stk-b3615d8\" data-block-id=\"b3615d8\"><div class=\"stk-block-icon-list-item__content\"><span class=\"stk--svg-wrapper\"><div class=\"stk--inner-svg\"><svg aria-hidden=\"true\" width=\"32\" height=\"32\"><use xlink:href=\"#stk-icon-list__icon-svg-def-0cef2eb\"\/><\/svg><\/div><\/span><span class=\"stk-block-icon-list-item__text\">Espais segurs per expressar emocions i millorar l&#8217;autoestima.<\/span><\/div><\/li>\n\n\n\n<li class=\"wp-block-stackable-icon-list-item stk-block-icon-list-item stk-block stk-0d10a77\" data-block-id=\"0d10a77\"><div class=\"stk-block-icon-list-item__content\"><span class=\"stk--svg-wrapper\"><div class=\"stk--inner-svg\"><svg aria-hidden=\"true\" width=\"32\" height=\"32\"><use xlink:href=\"#stk-icon-list__icon-svg-def-0cef2eb\"\/><\/svg><\/div><\/span><span class=\"stk-block-icon-list-item__text\">Acompanyament terap\u00e8utic adaptat a cada persona.<\/span><\/div><\/li>\n<\/ul><\/div>\n\n\n\n<div class=\"wp-block-stackable-button-group stk-block-button-group stk-block stk-bbf2d2d\" data-block-id=\"bbf2d2d\"><div class=\"stk-row stk-inner-blocks stk-block-content stk-button-group\">\n<div class=\"wp-block-stackable-button stk-block-button stk-block stk-5722b0a\" data-block-id=\"5722b0a\"><style>.stk-5722b0a {border-top-left-radius:10px !important;border-top-right-radius:10px !important;border-bottom-right-radius:10px !important;border-bottom-left-radius:10px !important;overflow:hidden !important;}<\/style><a class=\"stk-link stk-button stk--hover-effect-darken\" href=\"https:\/\/www.pink-gnu-148076.hostingersite.com\/terapia-psicologica-para-personas-mayores\/\" target=\"_blank\" rel=\"noopener\"><span class=\"stk-button__inner-text\">Saber m\u00e9s<\/span><\/a><\/div>\n<\/div><\/div>\n<\/div><\/div><a class=\"stk-link stk-block-link stk--transparent-overlay\" href=\"https:\/\/pink-gnu-148076.hostingersite.com\/terapia-psicologica-para-personas-mayores\/\" aria-hidden=\"true\" tabindex=\"-1\" target=\"_blank\" rel=\"noopener\"><\/a><\/div><\/div>\n<\/div><\/div><\/div>\n\n\n\n<div class=\"wp-block-stackable-column stk-block-column stk-column stk-block stk-a9eabbc\" data-v=\"4\" data-block-id=\"a9eabbc\"><div class=\"stk-column-wrapper stk-block-column__content stk-container stk-a9eabbc-container stk--no-background stk--no-padding\"><div class=\"stk-block-content stk-inner-blocks stk-a9eabbc-inner-blocks\">\n<div class=\"wp-block-stackable-card stk-block-card stk-block stk-3fea5b3 is-style-default\" data-v=\"2\" data-block-id=\"3fea5b3\"><style>.stk-3fea5b3 {border-top-left-radius:10px !important;border-top-right-radius:10px !important;border-bottom-right-radius:10px !important;border-bottom-left-radius:10px !important;overflow:hidden !important;}<\/style><div class=\"stk--no-padding stk-container stk-3fea5b3-container stk-hover-parent\"><figure class=\"stk-block-card__image stk-img-wrapper stk-image--shape-stretch\"><img loading=\"lazy\" decoding=\"async\" class=\"stk-img wp-image-501\" src=\"https:\/\/pink-gnu-148076.hostingersite.com\/wp-content\/uploads\/2025\/02\/02_Terapia_de_arte_para_mayores-scaled.jpg\" width=\"2560\" height=\"2011\" srcset=\"https:\/\/www.vitalsenior.es\/wp-content\/uploads\/2025\/02\/02_Terapia_de_arte_para_mayores-scaled.jpg 2560w, https:\/\/www.vitalsenior.es\/wp-content\/uploads\/2025\/02\/02_Terapia_de_arte_para_mayores-scaled-600x471.jpg 600w, https:\/\/www.vitalsenior.es\/wp-content\/uploads\/2025\/02\/02_Terapia_de_arte_para_mayores-300x236.jpg 300w, https:\/\/www.vitalsenior.es\/wp-content\/uploads\/2025\/02\/02_Terapia_de_arte_para_mayores-1024x804.jpg 1024w, https:\/\/www.vitalsenior.es\/wp-content\/uploads\/2025\/02\/02_Terapia_de_arte_para_mayores-768x603.jpg 768w, https:\/\/www.vitalsenior.es\/wp-content\/uploads\/2025\/02\/02_Terapia_de_arte_para_mayores-1536x1207.jpg 1536w, https:\/\/www.vitalsenior.es\/wp-content\/uploads\/2025\/02\/02_Terapia_de_arte_para_mayores-2048x1609.jpg 2048w\" sizes=\"auto, (max-width: 2560px) 100vw, 2560px\" \/><\/figure><div class=\"stk-container-padding stk-block-card__content\"><div class=\"stk-block-content stk-inner-blocks stk-3fea5b3-inner-blocks\">\n<div class=\"wp-block-stackable-heading stk-block-heading stk-block-heading--v2 stk-block stk-6af6e28\" id=\"talleres-de-expresion-emocional\" data-block-id=\"6af6e28\"><style>.stk-6af6e28 {margin-bottom:16px !important;}<\/style><h3 class=\"stk-block-heading__text has-text-align-center\">Tallers d&#8217;expressi\u00f3 emocional<\/h3><\/div>\n\n\n\n<div class=\"wp-block-stackable-heading stk-block-heading stk-block-heading--v2 stk-block stk-7e3ac36\" id=\"mejora-de-bienestar\" data-block-id=\"7e3ac36\"><h5 class=\"stk-block-heading__text has-text-align-center\">Millora de benestar<\/h5><\/div>\n\n\n\n<div class=\"wp-block-stackable-icon-list stk-block-icon-list stk-block stk-44d3193\" data-block-id=\"44d3193\"><svg style=\"display:none\"><defs><g id=\"stk-icon-list__icon-svg-def-44d3193\"><svg xmlns=\"http:\/\/www.w3.org\/2000\/svg\" viewBox=\"0 0 190 190\"><polygon points=\"173.8,28.4 60.4,141.8 15.7,97.2 5.1,107.8 60.4,163 184.4,39 173.8,28.4\"\/><\/svg><\/g><\/defs><\/svg><ul class=\"stk-block-icon-list__ul stk-block-icon-list--column\">\n<li class=\"wp-block-stackable-icon-list-item stk-block-icon-list-item stk-block stk-30d4d6b\" data-block-id=\"30d4d6b\"><div class=\"stk-block-icon-list-item__content\"><span class=\"stk--svg-wrapper\"><div class=\"stk--inner-svg\"><svg aria-hidden=\"true\" width=\"32\" height=\"32\"><use xlink:href=\"#stk-icon-list__icon-svg-def-44d3193\"\/><\/svg><\/div><\/span><span class=\"stk-block-icon-list-item__text\">Escriptura Terap\u00e8utica: Diari de records, cartes a familiars i relats personals.<\/span><\/div><\/li>\n\n\n\n<li class=\"wp-block-stackable-icon-list-item stk-block-icon-list-item stk-block stk-58029c1\" data-block-id=\"58029c1\"><div class=\"stk-block-icon-list-item__content\"><span class=\"stk--svg-wrapper\"><div class=\"stk--inner-svg\"><svg aria-hidden=\"true\" width=\"32\" height=\"32\"><use xlink:href=\"#stk-icon-list__icon-svg-def-44d3193\"\/><\/svg><\/div><\/span><span class=\"stk-block-icon-list-item__text\">Artter\u00e0pia: Pintura, collage i manualitats per expressar sentiments.<\/span><\/div><\/li>\n\n\n\n<li class=\"wp-block-stackable-icon-list-item stk-block-icon-list-item stk-block stk-39161f4\" data-block-id=\"39161f4\"><div class=\"stk-block-icon-list-item__content\"><span class=\"stk--svg-wrapper\"><div class=\"stk--inner-svg\"><svg aria-hidden=\"true\" width=\"32\" height=\"32\"><use xlink:href=\"#stk-icon-list__icon-svg-def-44d3193\"\/><\/svg><\/div><\/span><span class=\"stk-block-icon-list-item__text\">Teatre i dramatitzaci\u00f3: Representacions guiades per alliberar emocions.<\/span><\/div><\/li>\n<\/ul><\/div>\n\n\n\n<div class=\"wp-block-stackable-button-group stk-block-button-group stk-block stk-58d29ab\" data-block-id=\"58d29ab\"><div class=\"stk-row stk-inner-blocks stk-block-content stk-button-group\">\n<div class=\"wp-block-stackable-button stk-block-button stk-block stk-4665199\" data-block-id=\"4665199\"><style>.stk-4665199 {border-top-left-radius:10px !important;border-top-right-radius:10px !important;border-bottom-right-radius:10px !important;border-bottom-left-radius:10px !important;overflow:hidden !important;}<\/style><a class=\"stk-link stk-button stk--hover-effect-darken\" href=\"https:\/\/www.pink-gnu-148076.hostingersite.com\/talleres-de-expresion-emocional-para-mayores\/\" target=\"_blank\" rel=\"noopener\"><span class=\"stk-button__inner-text\">Saber m\u00e9s<\/span><\/a><\/div>\n<\/div><\/div>\n<\/div><\/div><a class=\"stk-link stk-block-link stk--transparent-overlay\" href=\"https:\/\/pink-gnu-148076.hostingersite.com\/talleres-de-expresion-emocional\/\" aria-hidden=\"true\" tabindex=\"-1\" target=\"_blank\" rel=\"noopener\"><\/a><\/div><\/div>\n<\/div><\/div><\/div>\n\n\n\n<div class=\"wp-block-stackable-column stk-block-column stk-column stk-block stk-1893f6c\" data-v=\"4\" data-block-id=\"1893f6c\"><div class=\"stk-column-wrapper stk-block-column__content stk-container stk-1893f6c-container stk--no-background stk--no-padding\"><div class=\"stk-block-content stk-inner-blocks stk-1893f6c-inner-blocks\">\n<div class=\"wp-block-stackable-card stk-block-card stk-block stk-9da1904 is-style-default\" data-v=\"2\" data-block-id=\"9da1904\"><style>.stk-9da1904 {border-top-left-radius:10px !important;border-top-right-radius:10px !important;border-bottom-right-radius:10px !important;border-bottom-left-radius:10px !important;overflow:hidden !important;}<\/style><div class=\"stk--no-padding stk-container stk-9da1904-container stk-hover-parent\"><figure class=\"stk-block-card__image stk-img-wrapper stk-image--shape-stretch\"><img loading=\"lazy\" decoding=\"async\" class=\"stk-img wp-image-502\" src=\"https:\/\/pink-gnu-148076.hostingersite.com\/wp-content\/uploads\/2025\/02\/03_meditacion_y_relacacion_para_mayores.png\" width=\"6501\" height=\"4335\" srcset=\"https:\/\/www.vitalsenior.es\/wp-content\/uploads\/2025\/02\/03_meditacion_y_relacacion_para_mayores.png 6501w, https:\/\/www.vitalsenior.es\/wp-content\/uploads\/2025\/02\/03_meditacion_y_relacacion_para_mayores-600x400.png 600w, https:\/\/www.vitalsenior.es\/wp-content\/uploads\/2025\/02\/03_meditacion_y_relacacion_para_mayores-300x200.png 300w, https:\/\/www.vitalsenior.es\/wp-content\/uploads\/2025\/02\/03_meditacion_y_relacacion_para_mayores-1024x683.png 1024w, https:\/\/www.vitalsenior.es\/wp-content\/uploads\/2025\/02\/03_meditacion_y_relacacion_para_mayores-768x512.png 768w, https:\/\/www.vitalsenior.es\/wp-content\/uploads\/2025\/02\/03_meditacion_y_relacacion_para_mayores-1536x1024.png 1536w, https:\/\/www.vitalsenior.es\/wp-content\/uploads\/2025\/02\/03_meditacion_y_relacacion_para_mayores-2048x1366.png 2048w\" sizes=\"auto, (max-width: 6501px) 100vw, 6501px\" \/><\/figure><div class=\"stk-container-padding stk-block-card__content\"><div class=\"stk-block-content stk-inner-blocks stk-9da1904-inner-blocks\">\n<div class=\"wp-block-stackable-heading stk-block-heading stk-block-heading--v2 stk-block stk-5fe8c3a\" id=\"mindfulness-y-relajacion\" data-block-id=\"5fe8c3a\"><style>.stk-5fe8c3a {margin-bottom:16px !important;}<\/style><h3 class=\"stk-block-heading__text has-text-align-center\">Mindfulness i Relaxaci\u00f3<\/h3><\/div>\n\n\n\n<div class=\"wp-block-stackable-heading stk-block-heading stk-block-heading--v2 stk-block stk-7b36bcb\" id=\"tranquilidad-y-felicidad\" data-block-id=\"7b36bcb\"><h5 class=\"stk-block-heading__text has-text-align-center\">Tranquil\u00b7litat i Felicitat<\/h5><\/div>\n\n\n\n<div class=\"wp-block-stackable-icon-list stk-block-icon-list stk-block stk-bbed9f1\" data-block-id=\"bbed9f1\"><svg style=\"display:none\"><defs><g id=\"stk-icon-list__icon-svg-def-bbed9f1\"><svg xmlns=\"http:\/\/www.w3.org\/2000\/svg\" viewBox=\"0 0 190 190\"><polygon points=\"173.8,28.4 60.4,141.8 15.7,97.2 5.1,107.8 60.4,163 184.4,39 173.8,28.4\"\/><\/svg><\/g><\/defs><\/svg><ul class=\"stk-block-icon-list__ul stk-block-icon-list--column\">\n<li class=\"wp-block-stackable-icon-list-item stk-block-icon-list-item stk-block stk-f1bce58\" data-block-id=\"f1bce58\"><div class=\"stk-block-icon-list-item__content\"><span class=\"stk--svg-wrapper\"><div class=\"stk--inner-svg\"><svg aria-hidden=\"true\" width=\"32\" height=\"32\"><use xlink:href=\"#stk-icon-list__icon-svg-def-bbed9f1\"\/><\/svg><\/div><\/span><span class=\"stk-block-icon-list-item__text\">Meditaci\u00f3 guiada per reduir l&#8217;estr\u00e8s i millorar-ne la mem\u00f2ria.<\/span><\/div><\/li>\n\n\n\n<li class=\"wp-block-stackable-icon-list-item stk-block-icon-list-item stk-block stk-498028b\" data-block-id=\"498028b\"><div class=\"stk-block-icon-list-item__content\"><span class=\"stk--svg-wrapper\"><div class=\"stk--inner-svg\"><svg aria-hidden=\"true\" width=\"32\" height=\"32\"><use xlink:href=\"#stk-icon-list__icon-svg-def-bbed9f1\"\/><\/svg><\/div><\/span><span class=\"stk-block-icon-list-item__text\">T\u00e8cniques de respiraci\u00f3 i relaxaci\u00f3 per al benestar mental.<\/span><\/div><\/li>\n\n\n\n<li class=\"wp-block-stackable-icon-list-item stk-block-icon-list-item stk-block stk-ee8c421\" data-block-id=\"ee8c421\"><div class=\"stk-block-icon-list-item__content\"><span class=\"stk--svg-wrapper\"><div class=\"stk--inner-svg\"><svg aria-hidden=\"true\" width=\"32\" height=\"32\"><use xlink:href=\"#stk-icon-list__icon-svg-def-bbed9f1\"\/><\/svg><\/div><\/span><span class=\"stk-block-icon-list-item__text\">Connexi\u00f3 amb el present per augmentar la felicitat i la calma.<\/span><\/div><\/li>\n<\/ul><\/div>\n\n\n\n<div class=\"wp-block-stackable-button-group stk-block-button-group stk-block stk-fb8b2a9\" data-block-id=\"fb8b2a9\"><div class=\"stk-row stk-inner-blocks stk-block-content stk-button-group\">\n<div class=\"wp-block-stackable-button stk-block-button stk-block stk-2b6da97\" data-block-id=\"2b6da97\"><style>.stk-2b6da97 {border-top-left-radius:10px !important;border-top-right-radius:10px !important;border-bottom-right-radius:10px !important;border-bottom-left-radius:10px !important;overflow:hidden !important;}<\/style><a class=\"stk-link stk-button stk--hover-effect-darken\" href=\"https:\/\/www.pink-gnu-148076.hostingersite.com\/mindfulness-y-relajacion-para-personas-mayores\/\" target=\"_blank\" rel=\"noopener\"><span class=\"stk-button__inner-text\">Saber m\u00e9s<\/span><\/a><\/div>\n<\/div><\/div>\n<\/div><\/div><a class=\"stk-link stk-block-link stk--transparent-overlay\" href=\"https:\/\/pink-gnu-148076.hostingersite.com\/mindfulness-y-relajacion-para-personas-mayores\/\" aria-hidden=\"true\" tabindex=\"-1\" target=\"_blank\" rel=\"noopener\"><\/a><\/div><\/div>\n<\/div><\/div><\/div>\n<\/div><\/div>\n<\/div><\/div><\/div>\n<\/div><\/div>\n\n<div class=\"wp-block-stackable-columns alignfull stk-block-columns stk-block stk-cc64208\" data-block-id=\"cc64208\"><div class=\"stk-row stk-inner-blocks stk-block-content stk-content-align stk-cc64208-column\">\n<div class=\"wp-block-stackable-column stk-block-column stk-column stk-block stk-3d1e9e4\" data-v=\"4\" data-block-id=\"3d1e9e4\"><div class=\"stk-column-wrapper stk-block-column__content stk-container stk-3d1e9e4-container stk--no-background stk--no-padding\"><div class=\"stk-block-content stk-inner-blocks stk-3d1e9e4-inner-blocks\">\n<div class=\"wp-block-stackable-columns stk-block-columns stk-block stk-4bfa167\" data-block-id=\"4bfa167\"><div class=\"stk-row stk-inner-blocks stk-block-content stk-content-align stk-4bfa167-column\">\n<div class=\"wp-block-stackable-column stk-block-column stk-column stk-block stk-9d86d08\" data-v=\"4\" data-block-id=\"9d86d08\"><div class=\"stk-column-wrapper stk-block-column__content stk-container stk-9d86d08-container stk--no-background stk--no-padding\"><div class=\"stk-block-content stk-inner-blocks stk-9d86d08-inner-blocks\"><\/div><\/div><\/div>\n<\/div><\/div>\n\n\n\n<div class=\"wp-block-stackable-columns stk-block-columns stk-block stk-d6947f1\" data-block-id=\"d6947f1\"><div class=\"stk-row stk-inner-blocks stk-block-content stk-content-align stk-d6947f1-column\">\n<div class=\"wp-block-stackable-column stk-block-column stk-column stk-block stk-517fbe1\" data-v=\"4\" data-block-id=\"517fbe1\"><div class=\"stk-column-wrapper stk-block-column__content stk-container stk-517fbe1-container stk--no-background stk--no-padding\"><div class=\"stk-block-content stk-inner-blocks stk-517fbe1-inner-blocks\">\n<div class=\"wp-block-stackable-card stk-block-card stk-block stk-b74744f is-style-default\" data-v=\"2\" data-block-id=\"b74744f\"><style>.stk-b74744f {border-top-left-radius:10px !important;border-top-right-radius:10px !important;border-bottom-right-radius:10px !important;border-bottom-left-radius:10px !important;overflow:hidden !important;}<\/style><div class=\"stk--no-padding stk-container stk-b74744f-container stk-hover-parent\"><figure class=\"stk-block-card__image stk-img-wrapper stk-image--shape-stretch\"><img loading=\"lazy\" decoding=\"async\" class=\"stk-img wp-image-500\" src=\"https:\/\/pink-gnu-148076.hostingersite.com\/wp-content\/uploads\/2025\/02\/01_psicologo_personas_mayores.png\" width=\"2500\" height=\"2500\" srcset=\"https:\/\/www.vitalsenior.es\/wp-content\/uploads\/2025\/02\/01_psicologo_personas_mayores.png 2500w, https:\/\/www.vitalsenior.es\/wp-content\/uploads\/2025\/02\/01_psicologo_personas_mayores-300x300.png 300w, https:\/\/www.vitalsenior.es\/wp-content\/uploads\/2025\/02\/01_psicologo_personas_mayores-100x100.png 100w, https:\/\/www.vitalsenior.es\/wp-content\/uploads\/2025\/02\/01_psicologo_personas_mayores-600x600.png 600w, https:\/\/www.vitalsenior.es\/wp-content\/uploads\/2025\/02\/01_psicologo_personas_mayores-500x500.png 500w, https:\/\/www.vitalsenior.es\/wp-content\/uploads\/2025\/02\/01_psicologo_personas_mayores-1024x1024.png 1024w, https:\/\/www.vitalsenior.es\/wp-content\/uploads\/2025\/02\/01_psicologo_personas_mayores-150x150.png 150w, https:\/\/www.vitalsenior.es\/wp-content\/uploads\/2025\/02\/01_psicologo_personas_mayores-768x768.png 768w, https:\/\/www.vitalsenior.es\/wp-content\/uploads\/2025\/02\/01_psicologo_personas_mayores-1536x1536.png 1536w, https:\/\/www.vitalsenior.es\/wp-content\/uploads\/2025\/02\/01_psicologo_personas_mayores-2048x2048.png 2048w\" sizes=\"auto, (max-width: 2500px) 100vw, 2500px\" \/><\/figure><div class=\"stk-container-padding stk-block-card__content\"><div class=\"stk-block-content stk-inner-blocks stk-b74744f-inner-blocks\">\n<div class=\"wp-block-stackable-heading stk-block-heading stk-block-heading--v2 stk-block stk-8a433ef\" id=\"terapia-psicologica\" data-block-id=\"8a433ef\"><style>.stk-8a433ef {margin-bottom:16px !important;}<\/style><h3 class=\"stk-block-heading__text has-text-align-center\">Ter\u00e0pia Psicol\u00f2gica  <\/h3><\/div>\n\n\n\n<div class=\"wp-block-stackable-heading stk-block-heading stk-block-heading--v2 stk-block stk-ad5d6ad\" id=\"individual-y-grupal\" data-block-id=\"ad5d6ad\"><h5 class=\"stk-block-heading__text has-text-align-center\">Individual i Grupal<\/h5><\/div>\n\n\n\n<div class=\"wp-block-stackable-icon-list stk-block-icon-list stk-block stk-4eb21cc\" data-block-id=\"4eb21cc\"><svg style=\"display:none\"><defs><g id=\"stk-icon-list__icon-svg-def-4eb21cc\"><svg xmlns=\"http:\/\/www.w3.org\/2000\/svg\" viewBox=\"0 0 190 190\"><polygon points=\"173.8,28.4 60.4,141.8 15.7,97.2 5.1,107.8 60.4,163 184.4,39 173.8,28.4\"\/><\/svg><\/g><\/defs><\/svg><ul class=\"stk-block-icon-list__ul stk-block-icon-list--column\">\n<li class=\"wp-block-stackable-icon-list-item stk-block-icon-list-item stk-block stk-4fa7506\" data-block-id=\"4fa7506\"><div class=\"stk-block-icon-list-item__content\"><span class=\"stk--svg-wrapper\"><div class=\"stk--inner-svg\"><svg aria-hidden=\"true\" width=\"32\" height=\"32\"><use xlink:href=\"#stk-icon-list__icon-svg-def-4eb21cc\"\/><\/svg><\/div><\/span><span class=\"stk-block-icon-list-item__text\">Suport emocional per gestionar ansietat, dol, depressi\u00f3 o canvis a la vida.<\/span><\/div><\/li>\n\n\n\n<li class=\"wp-block-stackable-icon-list-item stk-block-icon-list-item stk-block stk-dbfbe32\" data-block-id=\"dbfbe32\"><div class=\"stk-block-icon-list-item__content\"><span class=\"stk--svg-wrapper\"><div class=\"stk--inner-svg\"><svg aria-hidden=\"true\" width=\"32\" height=\"32\"><use xlink:href=\"#stk-icon-list__icon-svg-def-4eb21cc\"\/><\/svg><\/div><\/span><span class=\"stk-block-icon-list-item__text\">Espais segurs per expressar emocions i millorar l&#8217;autoestima.<\/span><\/div><\/li>\n\n\n\n<li class=\"wp-block-stackable-icon-list-item stk-block-icon-list-item stk-block stk-79efa5e\" data-block-id=\"79efa5e\"><div class=\"stk-block-icon-list-item__content\"><span class=\"stk--svg-wrapper\"><div class=\"stk--inner-svg\"><svg aria-hidden=\"true\" width=\"32\" height=\"32\"><use xlink:href=\"#stk-icon-list__icon-svg-def-4eb21cc\"\/><\/svg><\/div><\/span><span class=\"stk-block-icon-list-item__text\">Acompanyament terap\u00e8utic adaptat a cada persona.<\/span><\/div><\/li>\n<\/ul><\/div>\n\n\n\n<div class=\"wp-block-stackable-button-group stk-block-button-group stk-block stk-6d2cc31\" data-block-id=\"6d2cc31\"><div class=\"stk-row stk-inner-blocks stk-block-content stk-button-group\">\n<div class=\"wp-block-stackable-button stk-block-button stk-block stk-ca9d039\" data-block-id=\"ca9d039\"><style>.stk-ca9d039 {border-top-left-radius:10px !important;border-top-right-radius:10px !important;border-bottom-right-radius:10px !important;border-bottom-left-radius:10px !important;overflow:hidden !important;}<\/style><a class=\"stk-link stk-button stk--hover-effect-darken\" href=\"https:\/\/www.pink-gnu-148076.hostingersite.com\/terapia-psicologica-para-personas-mayores\/\" target=\"_blank\" rel=\"noopener\"><span class=\"stk-button__inner-text\">Saber m\u00e9s<\/span><\/a><\/div>\n<\/div><\/div>\n<\/div><\/div><a class=\"stk-link stk-block-link stk--transparent-overlay\" href=\"https:\/\/pink-gnu-148076.hostingersite.com\/terapia-psicologica-para-personas-mayores\/\" aria-hidden=\"true\" tabindex=\"-1\" target=\"_blank\" rel=\"noopener\"><\/a><\/div><\/div>\n<\/div><\/div><\/div>\n\n\n\n<div class=\"wp-block-stackable-column stk-block-column stk-column stk-block stk-bdc5429\" data-v=\"4\" data-block-id=\"bdc5429\"><div class=\"stk-column-wrapper stk-block-column__content stk-container stk-bdc5429-container stk--no-background stk--no-padding\"><div class=\"stk-block-content stk-inner-blocks stk-bdc5429-inner-blocks\">\n<div class=\"wp-block-stackable-card stk-block-card stk-block stk-55cc1bc is-style-default\" data-v=\"2\" data-block-id=\"55cc1bc\"><style>.stk-55cc1bc {border-top-left-radius:10px !important;border-top-right-radius:10px !important;border-bottom-right-radius:10px !important;border-bottom-left-radius:10px !important;overflow:hidden !important;}<\/style><div class=\"stk--no-padding stk-container stk-55cc1bc-container stk-hover-parent\"><figure class=\"stk-block-card__image stk-img-wrapper stk-image--shape-stretch\"><img loading=\"lazy\" decoding=\"async\" class=\"stk-img wp-image-501\" src=\"https:\/\/pink-gnu-148076.hostingersite.com\/wp-content\/uploads\/2025\/02\/02_Terapia_de_arte_para_mayores-scaled.jpg\" width=\"2560\" height=\"2011\" srcset=\"https:\/\/www.vitalsenior.es\/wp-content\/uploads\/2025\/02\/02_Terapia_de_arte_para_mayores-scaled.jpg 2560w, https:\/\/www.vitalsenior.es\/wp-content\/uploads\/2025\/02\/02_Terapia_de_arte_para_mayores-scaled-600x471.jpg 600w, https:\/\/www.vitalsenior.es\/wp-content\/uploads\/2025\/02\/02_Terapia_de_arte_para_mayores-300x236.jpg 300w, https:\/\/www.vitalsenior.es\/wp-content\/uploads\/2025\/02\/02_Terapia_de_arte_para_mayores-1024x804.jpg 1024w, https:\/\/www.vitalsenior.es\/wp-content\/uploads\/2025\/02\/02_Terapia_de_arte_para_mayores-768x603.jpg 768w, https:\/\/www.vitalsenior.es\/wp-content\/uploads\/2025\/02\/02_Terapia_de_arte_para_mayores-1536x1207.jpg 1536w, https:\/\/www.vitalsenior.es\/wp-content\/uploads\/2025\/02\/02_Terapia_de_arte_para_mayores-2048x1609.jpg 2048w\" sizes=\"auto, (max-width: 2560px) 100vw, 2560px\" \/><\/figure><div class=\"stk-container-padding stk-block-card__content\"><div class=\"stk-block-content stk-inner-blocks stk-55cc1bc-inner-blocks\">\n<div class=\"wp-block-stackable-heading stk-block-heading stk-block-heading--v2 stk-block stk-705b411\" id=\"talleres-de-expresion-emocional\" data-block-id=\"705b411\"><style>.stk-705b411 {margin-bottom:16px !important;}<\/style><h3 class=\"stk-block-heading__text has-text-align-center\">Tallers d&#8217;expressi\u00f3 emocional<\/h3><\/div>\n\n\n\n<div class=\"wp-block-stackable-heading stk-block-heading stk-block-heading--v2 stk-block stk-224b2a1\" id=\"mejora-de-bienestar\" data-block-id=\"224b2a1\"><h5 class=\"stk-block-heading__text has-text-align-center\">Millora de benestar<\/h5><\/div>\n\n\n\n<div class=\"wp-block-stackable-icon-list stk-block-icon-list stk-block stk-20c7f4e\" data-block-id=\"20c7f4e\"><svg style=\"display:none\"><defs><g id=\"stk-icon-list__icon-svg-def-20c7f4e\"><svg xmlns=\"http:\/\/www.w3.org\/2000\/svg\" viewBox=\"0 0 190 190\"><polygon points=\"173.8,28.4 60.4,141.8 15.7,97.2 5.1,107.8 60.4,163 184.4,39 173.8,28.4\"\/><\/svg><\/g><\/defs><\/svg><ul class=\"stk-block-icon-list__ul stk-block-icon-list--column\">\n<li class=\"wp-block-stackable-icon-list-item stk-block-icon-list-item stk-block stk-89e13f5\" data-block-id=\"89e13f5\"><div class=\"stk-block-icon-list-item__content\"><span class=\"stk--svg-wrapper\"><div class=\"stk--inner-svg\"><svg aria-hidden=\"true\" width=\"32\" height=\"32\"><use xlink:href=\"#stk-icon-list__icon-svg-def-20c7f4e\"\/><\/svg><\/div><\/span><span class=\"stk-block-icon-list-item__text\">Escriptura Terap\u00e8utica: Diari de records, cartes a familiars i relats personals.<\/span><\/div><\/li>\n\n\n\n<li class=\"wp-block-stackable-icon-list-item stk-block-icon-list-item stk-block stk-7b24197\" data-block-id=\"7b24197\"><div class=\"stk-block-icon-list-item__content\"><span class=\"stk--svg-wrapper\"><div class=\"stk--inner-svg\"><svg aria-hidden=\"true\" width=\"32\" height=\"32\"><use xlink:href=\"#stk-icon-list__icon-svg-def-20c7f4e\"\/><\/svg><\/div><\/span><span class=\"stk-block-icon-list-item__text\">Artter\u00e0pia: Pintura, collage i manualitats per expressar sentiments.<\/span><\/div><\/li>\n\n\n\n<li class=\"wp-block-stackable-icon-list-item stk-block-icon-list-item stk-block stk-dad4f11\" data-block-id=\"dad4f11\"><div class=\"stk-block-icon-list-item__content\"><span class=\"stk--svg-wrapper\"><div class=\"stk--inner-svg\"><svg aria-hidden=\"true\" width=\"32\" height=\"32\"><use xlink:href=\"#stk-icon-list__icon-svg-def-20c7f4e\"\/><\/svg><\/div><\/span><span class=\"stk-block-icon-list-item__text\">Teatre i dramatitzaci\u00f3: Representacions guiades per alliberar emocions.<\/span><\/div><\/li>\n<\/ul><\/div>\n\n\n\n<div class=\"wp-block-stackable-button-group stk-block-button-group stk-block stk-c32a148\" data-block-id=\"c32a148\"><div class=\"stk-row stk-inner-blocks stk-block-content stk-button-group\">\n<div class=\"wp-block-stackable-button stk-block-button stk-block stk-761c7c5\" data-block-id=\"761c7c5\"><style>.stk-761c7c5 {border-top-left-radius:10px !important;border-top-right-radius:10px !important;border-bottom-right-radius:10px !important;border-bottom-left-radius:10px !important;overflow:hidden !important;}<\/style><a class=\"stk-link stk-button stk--hover-effect-darken\" href=\"https:\/\/www.pink-gnu-148076.hostingersite.com\/talleres-de-expresion-emocional-para-mayores\/\" target=\"_blank\" rel=\"noopener\"><span class=\"stk-button__inner-text\">Saber m\u00e9s<\/span><\/a><\/div>\n<\/div><\/div>\n<\/div><\/div><a class=\"stk-link stk-block-link stk--transparent-overlay\" href=\"https:\/\/pink-gnu-148076.hostingersite.com\/talleres-de-expresion-emocional\/\" aria-hidden=\"true\" tabindex=\"-1\" target=\"_blank\" rel=\"noopener\"><\/a><\/div><\/div>\n<\/div><\/div><\/div>\n\n\n\n<div class=\"wp-block-stackable-column stk-block-column stk-column stk-block stk-60fc9e9\" data-v=\"4\" data-block-id=\"60fc9e9\"><div class=\"stk-column-wrapper stk-block-column__content stk-container stk-60fc9e9-container stk--no-background stk--no-padding\"><div class=\"stk-block-content stk-inner-blocks stk-60fc9e9-inner-blocks\">\n<div class=\"wp-block-stackable-card stk-block-card stk-block stk-855d355 is-style-default\" data-v=\"2\" data-block-id=\"855d355\"><style>.stk-855d355 {border-top-left-radius:10px !important;border-top-right-radius:10px !important;border-bottom-right-radius:10px !important;border-bottom-left-radius:10px !important;overflow:hidden !important;}<\/style><div class=\"stk--no-padding stk-container stk-855d355-container stk-hover-parent\"><figure class=\"stk-block-card__image stk-img-wrapper stk-image--shape-stretch\"><img loading=\"lazy\" decoding=\"async\" class=\"stk-img wp-image-502\" src=\"https:\/\/pink-gnu-148076.hostingersite.com\/wp-content\/uploads\/2025\/02\/03_meditacion_y_relacacion_para_mayores.png\" width=\"6501\" height=\"4335\" srcset=\"https:\/\/www.vitalsenior.es\/wp-content\/uploads\/2025\/02\/03_meditacion_y_relacacion_para_mayores.png 6501w, https:\/\/www.vitalsenior.es\/wp-content\/uploads\/2025\/02\/03_meditacion_y_relacacion_para_mayores-600x400.png 600w, https:\/\/www.vitalsenior.es\/wp-content\/uploads\/2025\/02\/03_meditacion_y_relacacion_para_mayores-300x200.png 300w, https:\/\/www.vitalsenior.es\/wp-content\/uploads\/2025\/02\/03_meditacion_y_relacacion_para_mayores-1024x683.png 1024w, https:\/\/www.vitalsenior.es\/wp-content\/uploads\/2025\/02\/03_meditacion_y_relacacion_para_mayores-768x512.png 768w, https:\/\/www.vitalsenior.es\/wp-content\/uploads\/2025\/02\/03_meditacion_y_relacacion_para_mayores-1536x1024.png 1536w, https:\/\/www.vitalsenior.es\/wp-content\/uploads\/2025\/02\/03_meditacion_y_relacacion_para_mayores-2048x1366.png 2048w\" sizes=\"auto, (max-width: 6501px) 100vw, 6501px\" \/><\/figure><div class=\"stk-container-padding stk-block-card__content\"><div class=\"stk-block-content stk-inner-blocks stk-855d355-inner-blocks\">\n<div class=\"wp-block-stackable-heading stk-block-heading stk-block-heading--v2 stk-block stk-ba92cfb\" id=\"mindfulness-y-relajacion\" data-block-id=\"ba92cfb\"><style>.stk-ba92cfb {margin-bottom:16px !important;}<\/style><h3 class=\"stk-block-heading__text has-text-align-center\">Mindfulness i Relaxaci\u00f3<\/h3><\/div>\n\n\n\n<div class=\"wp-block-stackable-heading stk-block-heading stk-block-heading--v2 stk-block stk-6b591b9\" id=\"tranquilidad-y-felicidad\" data-block-id=\"6b591b9\"><h5 class=\"stk-block-heading__text has-text-align-center\">Tranquil\u00b7litat i Felicitat<\/h5><\/div>\n\n\n\n<div class=\"wp-block-stackable-icon-list stk-block-icon-list stk-block stk-9c262f8\" data-block-id=\"9c262f8\"><svg style=\"display:none\"><defs><g id=\"stk-icon-list__icon-svg-def-9c262f8\"><svg xmlns=\"http:\/\/www.w3.org\/2000\/svg\" viewBox=\"0 0 190 190\"><polygon points=\"173.8,28.4 60.4,141.8 15.7,97.2 5.1,107.8 60.4,163 184.4,39 173.8,28.4\"\/><\/svg><\/g><\/defs><\/svg><ul class=\"stk-block-icon-list__ul stk-block-icon-list--column\">\n<li class=\"wp-block-stackable-icon-list-item stk-block-icon-list-item stk-block stk-79628e9\" data-block-id=\"79628e9\"><div class=\"stk-block-icon-list-item__content\"><span class=\"stk--svg-wrapper\"><div class=\"stk--inner-svg\"><svg aria-hidden=\"true\" width=\"32\" height=\"32\"><use xlink:href=\"#stk-icon-list__icon-svg-def-9c262f8\"\/><\/svg><\/div><\/span><span class=\"stk-block-icon-list-item__text\">Meditaci\u00f3 guiada per reduir l&#8217;estr\u00e8s i millorar-ne la mem\u00f2ria.<\/span><\/div><\/li>\n\n\n\n<li class=\"wp-block-stackable-icon-list-item stk-block-icon-list-item stk-block stk-5c47f88\" data-block-id=\"5c47f88\"><div class=\"stk-block-icon-list-item__content\"><span class=\"stk--svg-wrapper\"><div class=\"stk--inner-svg\"><svg aria-hidden=\"true\" width=\"32\" height=\"32\"><use xlink:href=\"#stk-icon-list__icon-svg-def-9c262f8\"\/><\/svg><\/div><\/span><span class=\"stk-block-icon-list-item__text\">T\u00e8cniques de respiraci\u00f3 i relaxaci\u00f3 per al benestar mental.<\/span><\/div><\/li>\n\n\n\n<li class=\"wp-block-stackable-icon-list-item stk-block-icon-list-item stk-block stk-93703b4\" data-block-id=\"93703b4\"><div class=\"stk-block-icon-list-item__content\"><span class=\"stk--svg-wrapper\"><div class=\"stk--inner-svg\"><svg aria-hidden=\"true\" width=\"32\" height=\"32\"><use xlink:href=\"#stk-icon-list__icon-svg-def-9c262f8\"\/><\/svg><\/div><\/span><span class=\"stk-block-icon-list-item__text\">Connexi\u00f3 amb el present per augmentar la felicitat i la calma.<\/span><\/div><\/li>\n<\/ul><\/div>\n\n\n\n<div class=\"wp-block-stackable-button-group stk-block-button-group stk-block stk-5c71714\" data-block-id=\"5c71714\"><div class=\"stk-row stk-inner-blocks stk-block-content stk-button-group\">\n<div class=\"wp-block-stackable-button stk-block-button stk-block stk-f8f8ff4\" data-block-id=\"f8f8ff4\"><style>.stk-f8f8ff4 {border-top-left-radius:10px !important;border-top-right-radius:10px !important;border-bottom-right-radius:10px !important;border-bottom-left-radius:10px !important;overflow:hidden !important;}<\/style><a class=\"stk-link stk-button stk--hover-effect-darken\" href=\"https:\/\/www.pink-gnu-148076.hostingersite.com\/mindfulness-y-relajacion-para-personas-mayores\/\" target=\"_blank\" rel=\"noopener\"><span class=\"stk-button__inner-text\">Saber m\u00e9s<\/span><\/a><\/div>\n<\/div><\/div>\n<\/div><\/div><a class=\"stk-link stk-block-link stk--transparent-overlay\" href=\"https:\/\/pink-gnu-148076.hostingersite.com\/mindfulness-y-relajacion-para-personas-mayores\/\" aria-hidden=\"true\" tabindex=\"-1\" target=\"_blank\" rel=\"noopener\"><\/a><\/div><\/div>\n<\/div><\/div><\/div>\n<\/div><\/div>\n<\/div><\/div><\/div>\n<\/div><\/div>\n\n<div class=\"wp-block-stackable-columns alignfull stk-block-columns stk-block stk-cf98944\" data-block-id=\"cf98944\"><div class=\"stk-row stk-inner-blocks stk-block-content stk-content-align stk-cf98944-column\">\n<div class=\"wp-block-stackable-column stk-block-column stk-column stk-block stk-d3bfa0e\" data-v=\"4\" data-block-id=\"d3bfa0e\"><div class=\"stk-column-wrapper stk-block-column__content stk-container stk-d3bfa0e-container stk--no-background stk--no-padding\"><div class=\"stk-block-content stk-inner-blocks stk-d3bfa0e-inner-blocks\">\n<div class=\"wp-block-stackable-columns stk-block-columns stk-block stk-59e76c1\" data-block-id=\"59e76c1\"><div class=\"stk-row stk-inner-blocks stk-block-content stk-content-align stk-59e76c1-column\">\n<div class=\"wp-block-stackable-column stk-block-column stk-column stk-block stk-0de47e4\" data-v=\"4\" data-block-id=\"0de47e4\"><div class=\"stk-column-wrapper stk-block-column__content stk-container stk-0de47e4-container stk--no-background stk--no-padding\"><div class=\"stk-block-content stk-inner-blocks stk-0de47e4-inner-blocks\">\n<div class=\"wp-block-stackable-card stk-block-card stk-block stk-6e55d55 is-style-default\" data-v=\"2\" data-block-id=\"6e55d55\"><style>.stk-6e55d55 {border-top-left-radius:10px !important;border-top-right-radius:10px !important;border-bottom-right-radius:10px !important;border-bottom-left-radius:10px !important;overflow:hidden !important;}.stk-6e55d55 .stk-block-card__image img{transform:scale(0.8) !important;object-position:55.00000000000001% 0% !important;}<\/style><div class=\"stk--no-padding stk-container stk-6e55d55-container stk-hover-parent\"><figure class=\"stk-block-card__image stk-img-wrapper stk-image--shape-stretch\"><img loading=\"lazy\" decoding=\"async\" class=\"stk-img wp-image-503\" src=\"https:\/\/pink-gnu-148076.hostingersite.com\/wp-content\/uploads\/2025\/02\/04_contacto_social_personas_mayores.png\" width=\"4597\" height=\"5304\" srcset=\"https:\/\/www.vitalsenior.es\/wp-content\/uploads\/2025\/02\/04_contacto_social_personas_mayores.png 4597w, https:\/\/www.vitalsenior.es\/wp-content\/uploads\/2025\/02\/04_contacto_social_personas_mayores-600x692.png 600w, https:\/\/www.vitalsenior.es\/wp-content\/uploads\/2025\/02\/04_contacto_social_personas_mayores-260x300.png 260w, https:\/\/www.vitalsenior.es\/wp-content\/uploads\/2025\/02\/04_contacto_social_personas_mayores-888x1024.png 888w, https:\/\/www.vitalsenior.es\/wp-content\/uploads\/2025\/02\/04_contacto_social_personas_mayores-768x886.png 768w, https:\/\/www.vitalsenior.es\/wp-content\/uploads\/2025\/02\/04_contacto_social_personas_mayores-1331x1536.png 1331w, https:\/\/www.vitalsenior.es\/wp-content\/uploads\/2025\/02\/04_contacto_social_personas_mayores-1775x2048.png 1775w\" sizes=\"auto, (max-width: 4597px) 100vw, 4597px\" \/><\/figure><div class=\"stk-container-padding stk-block-card__content\"><div class=\"stk-block-content stk-inner-blocks stk-6e55d55-inner-blocks\">\n<div class=\"wp-block-stackable-heading stk-block-heading stk-block-heading--v2 stk-block stk-bf814e1\" id=\"socializacion-y-vinculos-afectivos\" data-block-id=\"bf814e1\"><style>.stk-bf814e1 {margin-bottom:16px !important;}<\/style><h3 class=\"stk-block-heading__text has-text-align-center\">Socialitzaci\u00f3 i Vincles Afectius  <\/h3><\/div>\n\n\n\n<div class=\"wp-block-stackable-heading stk-block-heading stk-block-heading--v2 stk-block stk-aad07f6\" id=\"actividades-sociales-para-mayores\" data-block-id=\"aad07f6\"><h5 class=\"stk-block-heading__text has-text-align-center\">Activitats socials per a gent gran<\/h5><\/div>\n\n\n\n<div class=\"wp-block-stackable-icon-list stk-block-icon-list stk-block stk-2e68170\" data-block-id=\"2e68170\"><svg style=\"display:none\"><defs><g id=\"stk-icon-list__icon-svg-def-2e68170\"><svg xmlns=\"http:\/\/www.w3.org\/2000\/svg\" viewBox=\"0 0 190 190\"><polygon points=\"173.8,28.4 60.4,141.8 15.7,97.2 5.1,107.8 60.4,163 184.4,39 173.8,28.4\"\/><\/svg><\/g><\/defs><\/svg><ul class=\"stk-block-icon-list__ul stk-block-icon-list--column\">\n<li class=\"wp-block-stackable-icon-list-item stk-block-icon-list-item stk-block stk-b8d189a\" data-block-id=\"b8d189a\"><div class=\"stk-block-icon-list-item__content\"><span class=\"stk--svg-wrapper\"><div class=\"stk--inner-svg\"><svg aria-hidden=\"true\" width=\"32\" height=\"32\"><use xlink:href=\"#stk-icon-list__icon-svg-def-2e68170\"\/><\/svg><\/div><\/span><span class=\"stk-block-icon-list-item__text\">Grups de conversa i tert\u00falies sobre temes dinter\u00e8s.<\/span><\/div><\/li>\n\n\n\n<li class=\"wp-block-stackable-icon-list-item stk-block-icon-list-item stk-block stk-66f0da4\" data-block-id=\"66f0da4\"><div class=\"stk-block-icon-list-item__content\"><span class=\"stk--svg-wrapper\"><div class=\"stk--inner-svg\"><svg aria-hidden=\"true\" width=\"32\" height=\"32\"><use xlink:href=\"#stk-icon-list__icon-svg-def-2e68170\"\/><\/svg><\/div><\/span><span class=\"stk-block-icon-list-item__text\">Activitats dintegraci\u00f3 intergeneracional amb nens i joves.<\/span><\/div><\/li>\n\n\n\n<li class=\"wp-block-stackable-icon-list-item stk-block-icon-list-item stk-block stk-d14316b\" data-block-id=\"d14316b\"><div class=\"stk-block-icon-list-item__content\"><span class=\"stk--svg-wrapper\"><div class=\"stk--inner-svg\"><svg aria-hidden=\"true\" width=\"32\" height=\"32\"><use xlink:href=\"#stk-icon-list__icon-svg-def-2e68170\"\/><\/svg><\/div><\/span><span class=\"stk-block-icon-list-item__text\">Clubs de lectura i cinema per compartir experi\u00e8ncies i records.<\/span><\/div><\/li>\n<\/ul><\/div>\n\n\n\n<div class=\"wp-block-stackable-button-group stk-block-button-group stk-block stk-c7f34c4\" data-block-id=\"c7f34c4\"><div class=\"stk-row stk-inner-blocks stk-block-content stk-button-group\">\n<div class=\"wp-block-stackable-button stk-block-button stk-block stk-3283acd\" data-block-id=\"3283acd\"><style>.stk-3283acd {border-top-left-radius:10px !important;border-top-right-radius:10px !important;border-bottom-right-radius:10px !important;border-bottom-left-radius:10px !important;overflow:hidden !important;}<\/style><a class=\"stk-link stk-button stk--hover-effect-darken\" href=\"https:\/\/pink-gnu-148076.hostingersite.com\/socializacion-y-vinculos-afectivos-personas-mayores\/\" target=\"_blank\" rel=\"noopener\"><span class=\"stk-button__inner-text\">Saber m\u00e9s<\/span><\/a><\/div>\n<\/div><\/div>\n<\/div><\/div><a class=\"stk-link stk-block-link stk--transparent-overlay\" href=\"https:\/\/pink-gnu-148076.hostingersite.com\/socializacion-y-vinculos-afectivos-personas-mayores\/\" aria-hidden=\"true\" tabindex=\"-1\" target=\"_blank\" rel=\"noopener\"><\/a><\/div><\/div>\n<\/div><\/div><\/div>\n\n\n\n<div class=\"wp-block-stackable-column stk-block-column stk-column stk-block stk-d98f13c\" data-v=\"4\" data-block-id=\"d98f13c\"><div class=\"stk-column-wrapper stk-block-column__content stk-container stk-d98f13c-container stk--no-background stk--no-padding\"><div class=\"stk-block-content stk-inner-blocks stk-d98f13c-inner-blocks\">\n<div class=\"wp-block-stackable-card stk-block-card stk-block stk-e5c5955 is-style-default\" data-v=\"2\" data-block-id=\"e5c5955\"><style>.stk-e5c5955 {border-top-left-radius:10px !important;border-top-right-radius:10px !important;border-bottom-right-radius:10px !important;border-bottom-left-radius:10px !important;overflow:hidden !important;}<\/style><div class=\"stk--no-padding stk-container stk-e5c5955-container stk-hover-parent\"><figure class=\"stk-block-card__image stk-img-wrapper stk-image--shape-stretch\"><img loading=\"lazy\" decoding=\"async\" class=\"stk-img wp-image-508\" src=\"https:\/\/pink-gnu-148076.hostingersite.com\/wp-content\/uploads\/2025\/02\/06_terapia_de_baile_para_personas_mayores-scaled.jpg\" width=\"2560\" height=\"1408\" srcset=\"https:\/\/www.vitalsenior.es\/wp-content\/uploads\/2025\/02\/06_terapia_de_baile_para_personas_mayores-scaled.jpg 2560w, https:\/\/www.vitalsenior.es\/wp-content\/uploads\/2025\/02\/06_terapia_de_baile_para_personas_mayores-scaled-600x330.jpg 600w, https:\/\/www.vitalsenior.es\/wp-content\/uploads\/2025\/02\/06_terapia_de_baile_para_personas_mayores-300x165.jpg 300w, https:\/\/www.vitalsenior.es\/wp-content\/uploads\/2025\/02\/06_terapia_de_baile_para_personas_mayores-1024x563.jpg 1024w, https:\/\/www.vitalsenior.es\/wp-content\/uploads\/2025\/02\/06_terapia_de_baile_para_personas_mayores-768x422.jpg 768w, https:\/\/www.vitalsenior.es\/wp-content\/uploads\/2025\/02\/06_terapia_de_baile_para_personas_mayores-1536x845.jpg 1536w, https:\/\/www.vitalsenior.es\/wp-content\/uploads\/2025\/02\/06_terapia_de_baile_para_personas_mayores-2048x1127.jpg 2048w\" sizes=\"auto, (max-width: 2560px) 100vw, 2560px\" \/><\/figure><div class=\"stk-container-padding stk-block-card__content\"><div class=\"stk-block-content stk-inner-blocks stk-e5c5955-inner-blocks\">\n<div class=\"wp-block-stackable-heading stk-block-heading stk-block-heading--v2 stk-block stk-00a2918\" id=\"musica-y-emocion\" data-block-id=\"00a2918\"><style>.stk-00a2918 {margin-bottom:16px !important;}<\/style><h3 class=\"stk-block-heading__text has-text-align-center\">M\u00fasica i Emoci\u00f3<\/h3><\/div>\n\n\n\n<div class=\"wp-block-stackable-heading stk-block-heading stk-block-heading--v2 stk-block stk-8d3fb5f\" id=\"sentirse-mejor-a-traves-de-la-musica\" data-block-id=\"8d3fb5f\"><h5 class=\"stk-block-heading__text has-text-align-center\">Sentir-se millor a trav\u00e9s de la m\u00fasica<\/h5><\/div>\n\n\n\n<div class=\"wp-block-stackable-icon-list stk-block-icon-list stk-block stk-2aeb0a7\" data-block-id=\"2aeb0a7\"><svg style=\"display:none\"><defs><g id=\"stk-icon-list__icon-svg-def-2aeb0a7\"><svg xmlns=\"http:\/\/www.w3.org\/2000\/svg\" viewBox=\"0 0 190 190\"><polygon points=\"173.8,28.4 60.4,141.8 15.7,97.2 5.1,107.8 60.4,163 184.4,39 173.8,28.4\"\/><\/svg><\/g><\/defs><\/svg><ul class=\"stk-block-icon-list__ul stk-block-icon-list--column\">\n<li class=\"wp-block-stackable-icon-list-item stk-block-icon-list-item stk-block stk-880a129\" data-block-id=\"880a129\"><div class=\"stk-block-icon-list-item__content\"><span class=\"stk--svg-wrapper\"><div class=\"stk--inner-svg\"><svg aria-hidden=\"true\" width=\"32\" height=\"32\"><use xlink:href=\"#stk-icon-list__icon-svg-def-2aeb0a7\"\/><\/svg><\/div><\/span><span class=\"stk-block-icon-list-item__text\">Ter\u00e0pia musical: Records a trav\u00e9s de la m\u00fasica i cant col\u00b7lectiu.<\/span><\/div><\/li>\n\n\n\n<li class=\"wp-block-stackable-icon-list-item stk-block-icon-list-item stk-block stk-013aebb\" data-block-id=\"013aebb\"><div class=\"stk-block-icon-list-item__content\"><span class=\"stk--svg-wrapper\"><div class=\"stk--inner-svg\"><svg aria-hidden=\"true\" width=\"32\" height=\"32\"><use xlink:href=\"#stk-icon-list__icon-svg-def-2aeb0a7\"\/><\/svg><\/div><\/span><span class=\"stk-block-icon-list-item__text\">Ball terap\u00e8utic: moviment i expressi\u00f3 per millorar l&#8217;estat d&#8217;\u00e0nim.<\/span><\/div><\/li>\n\n\n\n<li class=\"wp-block-stackable-icon-list-item stk-block-icon-list-item stk-block stk-d6276bd\" data-block-id=\"d6276bd\"><div class=\"stk-block-icon-list-item__content\"><span class=\"stk--svg-wrapper\"><div class=\"stk--inner-svg\"><svg aria-hidden=\"true\" width=\"32\" height=\"32\"><use xlink:href=\"#stk-icon-list__icon-svg-def-2aeb0a7\"\/><\/svg><\/div><\/span><span class=\"stk-block-icon-list-item__text\">Exercicis amb sons i ritmes per estimular el benestar emocional.<\/span><\/div><\/li>\n<\/ul><\/div>\n\n\n\n<div class=\"wp-block-stackable-button-group stk-block-button-group stk-block stk-649060b\" data-block-id=\"649060b\"><div class=\"stk-row stk-inner-blocks stk-block-content stk-button-group\">\n<div class=\"wp-block-stackable-button stk-block-button stk-block stk-c8a99d4\" data-block-id=\"c8a99d4\"><style>.stk-c8a99d4 {border-top-left-radius:10px !important;border-top-right-radius:10px !important;border-bottom-right-radius:10px !important;border-bottom-left-radius:10px !important;overflow:hidden !important;}<\/style><a class=\"stk-link stk-button stk--hover-effect-darken\" href=\"https:\/\/pink-gnu-148076.hostingersite.com\/musica-y-emocion-personas-mayores\/\" target=\"_blank\" rel=\"noopener\"><span class=\"stk-button__inner-text\">Saber m\u00e9s<\/span><\/a><\/div>\n<\/div><\/div>\n<\/div><\/div><a class=\"stk-link stk-block-link stk--transparent-overlay\" href=\"https:\/\/pink-gnu-148076.hostingersite.com\/musica-y-emocion-personas-mayores\/\" aria-hidden=\"true\" tabindex=\"-1\" target=\"_blank\" rel=\"noopener\"><\/a><\/div><\/div>\n<\/div><\/div><\/div>\n\n\n\n<div class=\"wp-block-stackable-column stk-block-column stk-column stk-block stk-a92ad8c\" data-v=\"4\" data-block-id=\"a92ad8c\"><div class=\"stk-column-wrapper stk-block-column__content stk-container stk-a92ad8c-container stk--no-background stk--no-padding\"><div class=\"stk-block-content stk-inner-blocks stk-a92ad8c-inner-blocks\">\n<div class=\"wp-block-stackable-card stk-block-card stk-block stk-53f53a6 is-style-default\" data-v=\"2\" data-block-id=\"53f53a6\"><style>.stk-53f53a6 {border-top-left-radius:10px !important;border-top-right-radius:10px !important;border-bottom-right-radius:10px !important;border-bottom-left-radius:10px !important;overflow:hidden !important;}<\/style><div class=\"stk--no-padding stk-container stk-53f53a6-container stk-hover-parent\"><figure class=\"stk-block-card__image stk-img-wrapper stk-image--shape-stretch\"><img loading=\"lazy\" decoding=\"async\" class=\"stk-img wp-image-507\" src=\"https:\/\/pink-gnu-148076.hostingersite.com\/wp-content\/uploads\/2025\/02\/05_autocuidado_para_personas_mayores.png\" width=\"10509\" height=\"9458\" srcset=\"https:\/\/www.vitalsenior.es\/wp-content\/uploads\/2025\/02\/05_autocuidado_para_personas_mayores.png 10509w, https:\/\/www.vitalsenior.es\/wp-content\/uploads\/2025\/02\/05_autocuidado_para_personas_mayores-600x540.png 600w, https:\/\/www.vitalsenior.es\/wp-content\/uploads\/2025\/02\/05_autocuidado_para_personas_mayores-300x270.png 300w, https:\/\/www.vitalsenior.es\/wp-content\/uploads\/2025\/02\/05_autocuidado_para_personas_mayores-1024x922.png 1024w, https:\/\/www.vitalsenior.es\/wp-content\/uploads\/2025\/02\/05_autocuidado_para_personas_mayores-768x691.png 768w, https:\/\/www.vitalsenior.es\/wp-content\/uploads\/2025\/02\/05_autocuidado_para_personas_mayores-1536x1382.png 1536w, https:\/\/www.vitalsenior.es\/wp-content\/uploads\/2025\/02\/05_autocuidado_para_personas_mayores-2048x1843.png 2048w\" sizes=\"auto, (max-width: 10509px) 100vw, 10509px\" \/><\/figure><div class=\"stk-container-padding stk-block-card__content\"><div class=\"stk-block-content stk-inner-blocks stk-53f53a6-inner-blocks\">\n<div class=\"wp-block-stackable-heading stk-block-heading stk-block-heading--v2 stk-block stk-f18104c\" id=\"rituales-de-bienestar-y-autocuidado\" data-block-id=\"f18104c\"><style>.stk-f18104c {margin-bottom:16px !important;}<\/style><h3 class=\"stk-block-heading__text has-text-align-center\">Rituals de Benestar i Autocura<\/h3><\/div>\n\n\n\n<div class=\"wp-block-stackable-heading stk-block-heading stk-block-heading--v2 stk-block stk-76d6db8\" id=\"sentirse-bien-consigo-mismo\" data-block-id=\"76d6db8\"><h5 class=\"stk-block-heading__text has-text-align-center\">Sentir-se b\u00e9 amb ell mateix<\/h5><\/div>\n\n\n\n<div class=\"wp-block-stackable-icon-list stk-block-icon-list stk-block stk-b6dc45b\" data-block-id=\"b6dc45b\"><svg style=\"display:none\"><defs><g id=\"stk-icon-list__icon-svg-def-b6dc45b\"><svg xmlns=\"http:\/\/www.w3.org\/2000\/svg\" viewBox=\"0 0 190 190\"><polygon points=\"173.8,28.4 60.4,141.8 15.7,97.2 5.1,107.8 60.4,163 184.4,39 173.8,28.4\"\/><\/svg><\/g><\/defs><\/svg><ul class=\"stk-block-icon-list__ul stk-block-icon-list--column\">\n<li class=\"wp-block-stackable-icon-list-item stk-block-icon-list-item stk-block stk-7299f96\" data-block-id=\"7299f96\"><div class=\"stk-block-icon-list-item__content\"><span class=\"stk--svg-wrapper\"><div class=\"stk--inner-svg\"><svg aria-hidden=\"true\" width=\"32\" height=\"32\"><use xlink:href=\"#stk-icon-list__icon-svg-def-b6dc45b\"\/><\/svg><\/div><\/span><span class=\"stk-block-icon-list-item__text\">Sessions d\u00b4aromater\u00e0pia i massatges relaxants.<\/span><\/div><\/li>\n\n\n\n<li class=\"wp-block-stackable-icon-list-item stk-block-icon-list-item stk-block stk-08c2de2\" data-block-id=\"08c2de2\"><div class=\"stk-block-icon-list-item__content\"><span class=\"stk--svg-wrapper\"><div class=\"stk--inner-svg\"><svg aria-hidden=\"true\" width=\"32\" height=\"32\"><use xlink:href=\"#stk-icon-list__icon-svg-def-b6dc45b\"\/><\/svg><\/div><\/span><span class=\"stk-block-icon-list-item__text\">Espais d&#8217;autocura per fomentar l&#8217;autoestima.<\/span><\/div><\/li>\n\n\n\n<li class=\"wp-block-stackable-icon-list-item stk-block-icon-list-item stk-block stk-aeff938\" data-block-id=\"aeff938\"><div class=\"stk-block-icon-list-item__content\"><span class=\"stk--svg-wrapper\"><div class=\"stk--inner-svg\"><svg aria-hidden=\"true\" width=\"32\" height=\"32\"><use xlink:href=\"#stk-icon-list__icon-svg-def-b6dc45b\"\/><\/svg><\/div><\/span><span class=\"stk-block-icon-list-item__text\">Pr\u00e0ctiques de gratitud i de positivisme per millorar l&#8217;estat emocional.<\/span><\/div><\/li>\n<\/ul><\/div>\n\n\n\n<div class=\"wp-block-stackable-button-group stk-block-button-group stk-block stk-efbe849\" data-block-id=\"efbe849\"><div class=\"stk-row stk-inner-blocks stk-block-content stk-button-group\">\n<div class=\"wp-block-stackable-button stk-block-button stk-block stk-041453c\" data-block-id=\"041453c\"><style>.stk-041453c {border-top-left-radius:10px !important;border-top-right-radius:10px !important;border-bottom-right-radius:10px !important;border-bottom-left-radius:10px !important;overflow:hidden !important;}<\/style><a class=\"stk-link stk-button stk--hover-effect-darken\" href=\"https:\/\/pink-gnu-148076.hostingersite.com\/rituales-de-bienestar-y-autocuidado-para-personas-mayores\/\" target=\"_blank\" rel=\"noopener\"><span class=\"stk-button__inner-text\">Saber m\u00e9s<\/span><\/a><\/div>\n<\/div><\/div>\n<\/div><\/div><a class=\"stk-link stk-block-link stk--transparent-overlay\" href=\"https:\/\/pink-gnu-148076.hostingersite.com\/rituales-de-bienestar-y-autocuidado-para-personas-mayores\/\" aria-hidden=\"true\" tabindex=\"-1\" target=\"_blank\" rel=\"noopener\"><\/a><\/div><\/div>\n<\/div><\/div><\/div>\n<\/div><\/div>\n<\/div><\/div><\/div>\n<\/div><\/div>\n\n<div class=\"wp-block-stackable-columns stk-block-columns stk-block stk-24dae03\" data-block-id=\"24dae03\"><div class=\"stk-row stk-inner-blocks stk-block-content stk-content-align stk-24dae03-column\">\n<div class=\"wp-block-stackable-column stk-block-column stk-column stk-block stk-581c8b8\" data-v=\"4\" data-block-id=\"581c8b8\"><div class=\"stk-column-wrapper stk-block-column__content stk-container stk-581c8b8-container stk--no-background stk--no-padding\"><div class=\"stk-block-content stk-inner-blocks stk-581c8b8-inner-blocks\">\n<div class=\"wp-block-stackable-columns alignfull stk-block-columns stk-block stk-d6652d6\" data-block-id=\"d6652d6\"><div class=\"stk-row stk-inner-blocks stk-block-content stk-content-align stk-d6652d6-column\">\n<div class=\"wp-block-stackable-column stk-block-column stk-column stk-block stk-60b4c30\" data-v=\"4\" data-block-id=\"60b4c30\"><div class=\"stk-column-wrapper stk-block-column__content stk-container stk-60b4c30-container stk--no-background stk--no-padding\"><div class=\"stk-block-content stk-inner-blocks stk-60b4c30-inner-blocks\">\n<div class=\"wp-block-stackable-columns stk-block-columns stk-block stk-9d6ad1f\" data-block-id=\"9d6ad1f\"><div class=\"stk-row stk-inner-blocks stk-block-content stk-content-align stk-9d6ad1f-column\">\n<div class=\"wp-block-stackable-column stk-block-column stk-column stk-block stk-02104af\" data-v=\"4\" data-block-id=\"02104af\"><div class=\"stk-column-wrapper stk-block-column__content stk-container stk-02104af-container stk--no-background stk--no-padding\"><div class=\"stk-block-content stk-inner-blocks stk-02104af-inner-blocks\"><\/div><\/div><\/div>\n\n\n\n<div class=\"wp-block-stackable-column stk-block-column stk-column stk-block stk-644720c\" data-v=\"4\" data-block-id=\"644720c\"><div class=\"stk-column-wrapper stk-block-column__content stk-container stk-644720c-container stk--no-background stk--no-padding\"><div class=\"stk-block-content stk-inner-blocks stk-644720c-inner-blocks\">\n<div class=\"wp-block-stackable-card stk-block-card stk-block stk-d922457 is-style-default\" data-v=\"2\" data-block-id=\"d922457\"><style>.stk-d922457 {border-top-left-radius:10px !important;border-top-right-radius:10px !important;border-bottom-right-radius:10px !important;border-bottom-left-radius:10px !important;overflow:hidden !important;}<\/style><div class=\"stk--no-padding stk-container stk-d922457-container stk-hover-parent\"><figure class=\"stk-block-card__image stk-img-wrapper stk-image--shape-stretch\"><img loading=\"lazy\" decoding=\"async\" class=\"stk-img wp-image-509\" src=\"https:\/\/pink-gnu-148076.hostingersite.com\/wp-content\/uploads\/2025\/02\/07_terapia_de_reminiscencia.png\" width=\"4681\" height=\"3121\" srcset=\"https:\/\/www.vitalsenior.es\/wp-content\/uploads\/2025\/02\/07_terapia_de_reminiscencia.png 4681w, https:\/\/www.vitalsenior.es\/wp-content\/uploads\/2025\/02\/07_terapia_de_reminiscencia-600x400.png 600w, https:\/\/www.vitalsenior.es\/wp-content\/uploads\/2025\/02\/07_terapia_de_reminiscencia-300x200.png 300w, https:\/\/www.vitalsenior.es\/wp-content\/uploads\/2025\/02\/07_terapia_de_reminiscencia-1024x683.png 1024w, https:\/\/www.vitalsenior.es\/wp-content\/uploads\/2025\/02\/07_terapia_de_reminiscencia-768x512.png 768w, https:\/\/www.vitalsenior.es\/wp-content\/uploads\/2025\/02\/07_terapia_de_reminiscencia-1536x1024.png 1536w, https:\/\/www.vitalsenior.es\/wp-content\/uploads\/2025\/02\/07_terapia_de_reminiscencia-2048x1365.png 2048w\" sizes=\"auto, (max-width: 4681px) 100vw, 4681px\" \/><\/figure><div class=\"stk-container-padding stk-block-card__content\"><div class=\"stk-block-content stk-inner-blocks stk-d922457-inner-blocks\">\n<div class=\"wp-block-stackable-heading stk-block-heading stk-block-heading--v2 stk-block stk-a13862f\" id=\"terapia-de-reminiscencia\" data-block-id=\"a13862f\"><style>.stk-a13862f {margin-bottom:16px !important;}<\/style><h3 class=\"stk-block-heading__text has-text-align-center\">Ter\u00e0pia de Reminisc\u00e8ncia<\/h3><\/div>\n\n\n\n<div class=\"wp-block-stackable-heading stk-block-heading stk-block-heading--v2 stk-block stk-89c5637\" id=\"memoria-y-bienestar-emocional\" data-block-id=\"89c5637\"><h5 class=\"stk-block-heading__text has-text-align-center\">Mem\u00f2ria i benestar emocional<\/h5><\/div>\n\n\n\n<div class=\"wp-block-stackable-icon-list stk-block-icon-list stk-block stk-420ca6d\" data-block-id=\"420ca6d\"><svg style=\"display:none\"><defs><g id=\"stk-icon-list__icon-svg-def-420ca6d\"><svg xmlns=\"http:\/\/www.w3.org\/2000\/svg\" viewBox=\"0 0 190 190\"><polygon points=\"173.8,28.4 60.4,141.8 15.7,97.2 5.1,107.8 60.4,163 184.4,39 173.8,28.4\"\/><\/svg><\/g><\/defs><\/svg><ul class=\"stk-block-icon-list__ul stk-block-icon-list--column\">\n<li class=\"wp-block-stackable-icon-list-item stk-block-icon-list-item stk-block stk-23630a5\" data-block-id=\"23630a5\"><div class=\"stk-block-icon-list-item__content\"><span class=\"stk--svg-wrapper\"><div class=\"stk--inner-svg\"><svg aria-hidden=\"true\" width=\"32\" height=\"32\"><use xlink:href=\"#stk-icon-list__icon-svg-def-420ca6d\"\/><\/svg><\/div><\/span><span class=\"stk-block-icon-list-item__text\">\u00das de fotografies, objectes i relats per refor\u00e7ar la identitat.<\/span><\/div><\/li>\n\n\n\n<li class=\"wp-block-stackable-icon-list-item stk-block-icon-list-item stk-block stk-709a4d9\" data-block-id=\"709a4d9\"><div class=\"stk-block-icon-list-item__content\"><span class=\"stk--svg-wrapper\"><div class=\"stk--inner-svg\"><svg aria-hidden=\"true\" width=\"32\" height=\"32\"><use xlink:href=\"#stk-icon-list__icon-svg-def-420ca6d\"\/><\/svg><\/div><\/span><span class=\"stk-block-icon-list-item__text\">Exercicis de mem\u00f2ria afectiva per millorar la connexi\u00f3 amb la hist\u00f2ria personal.<\/span><\/div><\/li>\n\n\n\n<li class=\"wp-block-stackable-icon-list-item stk-block-icon-list-item stk-block stk-5cf5c25\" data-block-id=\"5cf5c25\"><div class=\"stk-block-icon-list-item__content\"><span class=\"stk--svg-wrapper\"><div class=\"stk--inner-svg\"><svg aria-hidden=\"true\" width=\"32\" height=\"32\"><use xlink:href=\"#stk-icon-list__icon-svg-def-420ca6d\"\/><\/svg><\/div><\/span><span class=\"stk-block-icon-list-item__text\">Creaci\u00f3 de biografies i relats de vida per enfortir l&#8217;autoestima.<\/span><\/div><\/li>\n<\/ul><\/div>\n\n\n\n<div class=\"wp-block-stackable-button-group stk-block-button-group stk-block stk-3b298d8\" data-block-id=\"3b298d8\"><div class=\"stk-row stk-inner-blocks stk-block-content stk-button-group\">\n<div class=\"wp-block-stackable-button stk-block-button stk-block stk-d068fd8\" data-block-id=\"d068fd8\"><style>.stk-d068fd8 {border-top-left-radius:10px !important;border-top-right-radius:10px !important;border-bottom-right-radius:10px !important;border-bottom-left-radius:10px !important;overflow:hidden !important;}<\/style><a class=\"stk-link stk-button stk--hover-effect-darken\" href=\"https:\/\/pink-gnu-148076.hostingersite.com\/terapia-de-reminiscencia\/\" target=\"_blank\" rel=\"noopener\"><span class=\"stk-button__inner-text\">Saber m\u00e9s<\/span><\/a><\/div>\n<\/div><\/div>\n<\/div><\/div><a class=\"stk-link stk-block-link stk--transparent-overlay\" href=\"https:\/\/pink-gnu-148076.hostingersite.com\/terapia-de-reminiscencia\/\" aria-hidden=\"true\" tabindex=\"-1\" target=\"_blank\" rel=\"noopener\"><\/a><\/div><\/div>\n<\/div><\/div><\/div>\n\n\n\n<div class=\"wp-block-stackable-column stk-block-column stk-column stk-block stk-e8103d4\" data-v=\"4\" data-block-id=\"e8103d4\"><div class=\"stk-column-wrapper stk-block-column__content stk-container stk-e8103d4-container stk--no-background stk--no-padding\"><div class=\"stk-block-content stk-inner-blocks stk-e8103d4-inner-blocks\"><\/div><\/div><\/div>\n<\/div><\/div>\n<\/div><\/div><\/div>\n<\/div><\/div>\n<\/div><\/div><\/div>\n<\/div><\/div>\n\n<div class=\"wp-block-stackable-columns alignfull stk-block-columns stk-block stk-56e06f2\" data-block-id=\"56e06f2\"><style>.stk-56e06f2 {padding-top:80px !important;padding-bottom:80px !important;}<\/style><div class=\"stk-row stk-inner-blocks stk-block-content stk-content-align stk-56e06f2-column\">\n<div class=\"wp-block-stackable-column stk-block-column stk-column stk-block stk-fe7ecde\" data-v=\"4\" data-block-id=\"fe7ecde\"><div class=\"stk-column-wrapper stk-block-column__content stk-container stk-fe7ecde-container stk--no-background stk--no-padding\"><div class=\"stk-block-content stk-inner-blocks stk-fe7ecde-inner-blocks\">\n<div class=\"wp-block-stackable-heading stk-block-heading stk-block-heading--v2 stk-block stk-3403ec4\" id=\"en-que-podemos-servirte\" data-block-id=\"3403ec4\"><h2 class=\"stk-block-heading__text has-text-align-center\">En qu\u00e8 et podem servir?<\/h2><\/div>\n\n\n\n<div class=\"wp-block-stackable-columns stk-block-columns stk-block stk-4ce6d39\" data-block-id=\"4ce6d39\"><style>.stk-4ce6d39-column{--stk-column-gap:24px !important;row-gap:24px !important;}<\/style><div class=\"stk-row stk-inner-blocks stk-block-content stk-content-align stk-4ce6d39-column\">\n<div class=\"wp-block-stackable-column stk-block-column stk-column stk-block stk-b1a50ef stk-block-background\" data-v=\"4\" data-block-id=\"b1a50ef\"><style>.stk-b1a50ef-container{margin-top:0px !important;margin-right:0px !important;margin-bottom:0px !important;margin-left:0px !important;}.stk-b1a50ef {background-color:#e8e8e8 !important;border-top-left-radius:10px !important;border-top-right-radius:10px !important;border-bottom-right-radius:10px !important;border-bottom-left-radius:10px !important;overflow:hidden !important;box-shadow:5px 5px 30px -10px #e8e8e8 !important;padding-top:48px !important;padding-right:48px !important;padding-bottom:48px !important;padding-left:48px !important;}.stk-b1a50ef:before{background-color:#e8e8e8 !important;}<\/style><div class=\"stk-column-wrapper stk-block-column__content stk-container stk-b1a50ef-container stk--no-background stk--no-padding\"><div class=\"stk-block-content stk-inner-blocks stk-b1a50ef-inner-blocks\">\n<div class=\"wp-block-stackable-icon stk-block-icon has-text-align-center columna-hover stk-block stk-0f1f4b5 stk-block-background\" data-block-id=\"0f1f4b5\"><style>.stk-0f1f4b5 {background-color:#d2d2d2 !important;border-top-left-radius:10px !important;border-top-right-radius:10px !important;border-bottom-right-radius:10px !important;border-bottom-left-radius:10px !important;overflow:hidden !important;}.stk-0f1f4b5:before{background-color:#d2d2d2 !important;}<\/style><a class=\"stk-link\" href=\"https:\/\/www.pink-gnu-148076.hostingersite.com\/estimulacion-cognitiva-personas-mayores\/\" target=\"_blank\" rel=\"noopener\"><span class=\"stk--svg-wrapper\"><div class=\"stk--inner-svg\"><svg style=\"height:0;width:0\"><defs><lineargradient id=\"linear-gradient-0f1f4b5\" x1=\"0\" x2=\"100%\" y1=\"0\" y2=\"0\"><stop offset=\"0%\" style=\"stop-opacity:1;stop-color:var(--linear-gradient-0-f-1-f-4-b-5-color-1)\"><\/stop><stop offset=\"100%\" style=\"stop-opacity:1;stop-color:var(--linear-gradient-0-f-1-f-4-b-5-color-2)\"><\/stop><\/lineargradient><\/defs><\/svg><svg xmlns=\"http:\/\/www.w3.org\/2000\/svg\" viewbox=\"0 0 512 512\" aria-hidden=\"true\" width=\"32\" height=\"32\"><path d=\"M184 0c30.9 0 56 25.1 56 56V456c0 30.9-25.1 56-56 56c-28.9 0-52.7-21.9-55.7-50.1c-5.2 1.4-10.7 2.1-16.3 2.1c-35.3 0-64-28.7-64-64c0-7.4 1.3-14.6 3.6-21.2C21.4 367.4 0 338.2 0 304c0-31.9 18.7-59.5 45.8-72.3C37.1 220.8 32 207 32 192c0-30.7 21.6-56.3 50.4-62.6C80.8 123.9 80 118 80 112c0-29.9 20.6-55.1 48.3-62.1C131.3 21.9 155.1 0 184 0zM328 0c28.9 0 52.6 21.9 55.7 49.9c27.8 7 48.3 32.1 48.3 62.1c0 6-.8 11.9-2.4 17.4c28.8 6.2 50.4 31.9 50.4 62.6c0 15-5.1 28.8-13.8 39.7C493.3 244.5 512 272.1 512 304c0 34.2-21.4 63.4-51.6 74.8c2.3 6.6 3.6 13.8 3.6 21.2c0 35.3-28.7 64-64 64c-5.6 0-11.1-.7-16.3-2.1c-3 28.2-26.8 50.1-55.7 50.1c-30.9 0-56-25.1-56-56V56c0-30.9 25.1-56 56-56z\"><\/path><\/svg><\/div><\/span><\/a><\/div>\n\n\n\n<div class=\"wp-block-stackable-heading stk-block-heading stk-block-heading--v2 stk-block stk-e830172\" id=\"a-href-https-www-vitalsenior-es-estimulacion-cognitiva-personas-mayores-area-cognitiva-a\" data-block-id=\"e830172\"><h3 class=\"stk-block-heading__text has-text-align-center\"><a href=\"https:\/\/www.pink-gnu-148076.hostingersite.com\/estimulacion-cognitiva-personas-mayores\/\" target=\"_blank\" rel=\"noopener\">\u00c0rea Cognitiva<\/a><\/h3><\/div>\n\n\n\n<div class=\"wp-block-stackable-heading stk-block-heading stk-block-heading--v2 stk-block stk-b95f146\" id=\"estimulacion-y-agilidad-mental-para-la-tercera-edad\" data-block-id=\"b95f146\"><h5 class=\"stk-block-heading__text has-text-align-center\">Estimulaci\u00f3 i agilitat mental per a la tercera edat<\/h5><\/div>\n\n\n\n<div class=\"wp-block-stackable-icon-list stk-block-icon-list stk-block stk-5dbda90\" data-block-id=\"5dbda90\"><svg style=\"display:none\"><defs><g id=\"stk-icon-list__icon-svg-def-5dbda90\"><svg xmlns=\"http:\/\/www.w3.org\/2000\/svg\" viewBox=\"0 0 190 190\"><polygon points=\"173.8,28.4 60.4,141.8 15.7,97.2 5.1,107.8 60.4,163 184.4,39 173.8,28.4\"\/><\/svg><\/g><\/defs><\/svg><ul class=\"stk-block-icon-list__ul stk-block-icon-list--column\">\n<li class=\"wp-block-stackable-icon-list-item stk-block-icon-list-item stk-block stk-b5982ec\" data-block-id=\"b5982ec\"><div class=\"stk-block-icon-list-item__content\"><span class=\"stk--svg-wrapper\"><div class=\"stk--inner-svg\"><svg aria-hidden=\"true\" width=\"32\" height=\"32\"><use xlink:href=\"#stk-icon-list__icon-svg-def-5dbda90\"\/><\/svg><\/div><\/span><span class=\"stk-block-icon-list-item__text\">Barcelona<\/span><\/div><\/li>\n\n\n\n<li class=\"wp-block-stackable-icon-list-item stk-block-icon-list-item stk-block stk-e973c1d\" data-block-id=\"e973c1d\"><div class=\"stk-block-icon-list-item__content\"><span class=\"stk--svg-wrapper\"><div class=\"stk--inner-svg\"><svg aria-hidden=\"true\" width=\"32\" height=\"32\"><use xlink:href=\"#stk-icon-list__icon-svg-def-5dbda90\"\/><\/svg><\/div><\/span><span class=\"stk-block-icon-list-item__text\">Madrid<\/span><\/div><\/li>\n\n\n\n<li class=\"wp-block-stackable-icon-list-item stk-block-icon-list-item stk-block stk-5f081f4\" data-block-id=\"5f081f4\"><div class=\"stk-block-icon-list-item__content\"><span class=\"stk--svg-wrapper\"><div class=\"stk--inner-svg\"><svg aria-hidden=\"true\" width=\"32\" height=\"32\"><use xlink:href=\"#stk-icon-list__icon-svg-def-5dbda90\"\/><\/svg><\/div><\/span><span class=\"stk-block-icon-list-item__text\">Lleida<\/span><\/div><\/li>\n\n\n\n<li class=\"wp-block-stackable-icon-list-item stk-block-icon-list-item stk-block stk-5a780ed\" data-block-id=\"5a780ed\"><div class=\"stk-block-icon-list-item__content\"><span class=\"stk--svg-wrapper\"><div class=\"stk--inner-svg\"><svg aria-hidden=\"true\" width=\"32\" height=\"32\"><use xlink:href=\"#stk-icon-list__icon-svg-def-5dbda90\"\/><\/svg><\/div><\/span><span class=\"stk-block-icon-list-item__text\">Tarragona<\/span><\/div><\/li>\n\n\n\n<li class=\"wp-block-stackable-icon-list-item stk-block-icon-list-item stk-block stk-f8cac1a\" data-block-id=\"f8cac1a\"><div class=\"stk-block-icon-list-item__content\"><span class=\"stk--svg-wrapper\"><div class=\"stk--inner-svg\"><svg aria-hidden=\"true\" width=\"32\" height=\"32\"><use xlink:href=\"#stk-icon-list__icon-svg-def-5dbda90\"\/><\/svg><\/div><\/span><span class=\"stk-block-icon-list-item__text\">Tamb\u00e9 comptem amb disponibilitat per a altres ciutats d\u00b4Espanya.<\/span><\/div><\/li>\n<\/ul><\/div>\n<\/div><\/div><\/div>\n\n\n\n<div class=\"wp-block-stackable-column stk-block-column stk-column stk-block stk-78b5ee4 stk-block-background\" data-v=\"4\" data-block-id=\"78b5ee4\"><style>.stk-78b5ee4-container{margin-top:0px !important;margin-right:0px !important;margin-bottom:0px !important;margin-left:0px !important;}.stk-78b5ee4 {background-color:#fff4d4 !important;border-top-left-radius:10px !important;border-top-right-radius:10px !important;border-bottom-right-radius:10px !important;border-bottom-left-radius:10px !important;overflow:hidden !important;box-shadow:5px 5px 30px -10px #fff4d4 !important;padding-top:48px !important;padding-right:48px !important;padding-bottom:48px !important;padding-left:48px !important;}.stk-78b5ee4:before{background-color:#fff4d4 !important;}<\/style><div class=\"stk-column-wrapper stk-block-column__content stk-container stk-78b5ee4-container stk--no-background stk--no-padding\"><div class=\"stk-block-content stk-inner-blocks stk-78b5ee4-inner-blocks\">\n<div class=\"wp-block-stackable-icon stk-block-icon has-text-align-center columna-hover2 stk-block stk-2037d63 stk-block-background\" data-block-id=\"2037d63\"><style>.stk-2037d63 {background-color:#ffe8a9 !important;border-top-left-radius:10px !important;border-top-right-radius:10px !important;border-bottom-right-radius:10px !important;border-bottom-left-radius:10px !important;overflow:hidden !important;}.stk-2037d63:before{background-color:#ffe8a9 !important;}<\/style><span class=\"stk--svg-wrapper\"><div class=\"stk--inner-svg\"><svg style=\"height:0;width:0\"><defs><lineargradient id=\"linear-gradient-2037d63\" x1=\"0\" x2=\"100%\" y1=\"0\" y2=\"0\"><stop offset=\"0%\" style=\"stop-opacity:1;stop-color:var(--linear-gradient-2037-d-63-color-1)\"><\/stop><stop offset=\"100%\" style=\"stop-opacity:1;stop-color:var(--linear-gradient-2037-d-63-color-2)\"><\/stop><\/lineargradient><\/defs><\/svg><svg xmlns=\"http:\/\/www.w3.org\/2000\/svg\" viewbox=\"0 0 512 512\" aria-hidden=\"true\" width=\"32\" height=\"32\"><path d=\"M464 256A208 208 0 1 0 48 256a208 208 0 1 0 416 0zM0 256a256 256 0 1 1 512 0A256 256 0 1 1 0 256zm177.6 62.1C192.8 334.5 218.8 352 256 352s63.2-17.5 78.4-33.9c9-9.7 24.2-10.4 33.9-1.4s10.4 24.2 1.4 33.9c-22 23.8-60 49.4-113.6 49.4s-91.7-25.5-113.6-49.4c-9-9.7-8.4-24.9 1.4-33.9s24.9-8.4 33.9 1.4zM144.4 208a32 32 0 1 1 64 0 32 32 0 1 1 -64 0zm165.8 21.7c-7.6 8.1-20.2 8.5-28.3 .9s-8.5-20.2-.9-28.3c14.5-15.5 35.2-22.3 54.6-22.3s40.1 6.8 54.6 22.3c7.6 8.1 7.1 20.7-.9 28.3s-20.7 7.1-28.3-.9c-5.5-5.8-14.8-9.7-25.4-9.7s-19.9 3.8-25.4 9.7z\"><\/path><\/svg><\/div><\/span><\/div>\n\n\n\n<div class=\"wp-block-stackable-heading stk-block-heading stk-block-heading--v2 stk-block stk-848ce41\" id=\"a-href-https-www-vitalsenior-es-bienestar-emocional-personas-mayores-area-emocional-a\" data-block-id=\"848ce41\"><h3 class=\"stk-block-heading__text has-text-align-center\"><a href=\"https:\/\/www.pink-gnu-148076.hostingersite.com\/bienestar-emocional-personas-mayores\/\" target=\"_blank\" rel=\"noopener\">\u00c0rea Emocional<\/a><\/h3><\/div>\n\n\n\n<div class=\"wp-block-stackable-heading stk-block-heading stk-block-heading--v2 stk-block stk-ec749f8\" id=\"bienestar-y-conexion-afectiva-para-la-tercera-edad\" data-block-id=\"ec749f8\"><h5 class=\"stk-block-heading__text has-text-align-center\">Benestar i connexi\u00f3 afectiva per a gent gran<\/h5><\/div>\n\n\n\n<div class=\"wp-block-stackable-icon-list stk-block-icon-list stk-block stk-a8bd5c1\" data-block-id=\"a8bd5c1\"><svg style=\"display:none\"><defs><g id=\"stk-icon-list__icon-svg-def-a8bd5c1\"><svg xmlns=\"http:\/\/www.w3.org\/2000\/svg\" viewBox=\"0 0 190 190\"><polygon points=\"173.8,28.4 60.4,141.8 15.7,97.2 5.1,107.8 60.4,163 184.4,39 173.8,28.4\"\/><\/svg><\/g><\/defs><\/svg><ul class=\"stk-block-icon-list__ul stk-block-icon-list--column\">\n<li class=\"wp-block-stackable-icon-list-item stk-block-icon-list-item stk-block stk-cdef4a6\" data-block-id=\"cdef4a6\"><div class=\"stk-block-icon-list-item__content\"><span class=\"stk--svg-wrapper\"><div class=\"stk--inner-svg\"><svg aria-hidden=\"true\" width=\"32\" height=\"32\"><use xlink:href=\"#stk-icon-list__icon-svg-def-a8bd5c1\"\/><\/svg><\/div><\/span><span class=\"stk-block-icon-list-item__text\">Barcelona<\/span><\/div><\/li>\n\n\n\n<li class=\"wp-block-stackable-icon-list-item stk-block-icon-list-item stk-block stk-08d9793\" data-block-id=\"08d9793\"><div class=\"stk-block-icon-list-item__content\"><span class=\"stk--svg-wrapper\"><div class=\"stk--inner-svg\"><svg aria-hidden=\"true\" width=\"32\" height=\"32\"><use xlink:href=\"#stk-icon-list__icon-svg-def-a8bd5c1\"\/><\/svg><\/div><\/span><span class=\"stk-block-icon-list-item__text\">Madrid<\/span><\/div><\/li>\n\n\n\n<li class=\"wp-block-stackable-icon-list-item stk-block-icon-list-item stk-block stk-bcdd52d\" data-block-id=\"bcdd52d\"><div class=\"stk-block-icon-list-item__content\"><span class=\"stk--svg-wrapper\"><div class=\"stk--inner-svg\"><svg aria-hidden=\"true\" width=\"32\" height=\"32\"><use xlink:href=\"#stk-icon-list__icon-svg-def-a8bd5c1\"\/><\/svg><\/div><\/span><span class=\"stk-block-icon-list-item__text\">Lleida<\/span><\/div><\/li>\n\n\n\n<li class=\"wp-block-stackable-icon-list-item stk-block-icon-list-item stk-block stk-4be6414\" data-block-id=\"4be6414\"><div class=\"stk-block-icon-list-item__content\"><span class=\"stk--svg-wrapper\"><div class=\"stk--inner-svg\"><svg aria-hidden=\"true\" width=\"32\" height=\"32\"><use xlink:href=\"#stk-icon-list__icon-svg-def-a8bd5c1\"\/><\/svg><\/div><\/span><span class=\"stk-block-icon-list-item__text\">Tarragona<\/span><\/div><\/li>\n\n\n\n<li class=\"wp-block-stackable-icon-list-item stk-block-icon-list-item stk-block stk-67b80c5\" data-block-id=\"67b80c5\"><div class=\"stk-block-icon-list-item__content\"><span class=\"stk--svg-wrapper\"><div class=\"stk--inner-svg\"><svg aria-hidden=\"true\" width=\"32\" height=\"32\"><use xlink:href=\"#stk-icon-list__icon-svg-def-a8bd5c1\"\/><\/svg><\/div><\/span><span class=\"stk-block-icon-list-item__text\">Tamb\u00e9 comptem amb disponibilitat per a altres ciutats d\u00b4Espanya.<\/span><\/div><\/li>\n<\/ul><\/div>\n<\/div><\/div><\/div>\n\n\n\n<div class=\"wp-block-stackable-column stk-block-column stk-column stk-block stk-cb88dd2 stk-block-background\" data-v=\"4\" data-block-id=\"cb88dd2\"><style>.stk-cb88dd2-container{margin-top:0px !important;margin-right:0px !important;margin-bottom:0px !important;margin-left:0px !important;}.stk-cb88dd2 {background-color:#dee8e9 !important;border-top-left-radius:10px !important;border-top-right-radius:10px !important;border-bottom-right-radius:10px !important;border-bottom-left-radius:10px !important;overflow:hidden !important;box-shadow:5px 5px 30px -10px #dee8e9 !important;padding-top:48px !important;padding-right:48px !important;padding-bottom:48px !important;padding-left:48px !important;}.stk-cb88dd2:before{background-color:#dee8e9 !important;}<\/style><div class=\"stk-column-wrapper stk-block-column__content stk-container stk-cb88dd2-container stk--no-background stk--no-padding\"><div class=\"stk-block-content stk-inner-blocks stk-cb88dd2-inner-blocks\">\n<div class=\"wp-block-stackable-icon stk-block-icon has-text-align-center columna-hover stk-block stk-6dd3adc stk-block-background\" id=\"a-href-https-www-vitalsenior-es-bienestar-fisico-personas-mayores-area-fisica-a\" data-block-id=\"6dd3adc\"><style>.stk-6dd3adc {background-color:#bdd1d2 !important;border-top-left-radius:10px !important;border-top-right-radius:10px !important;border-bottom-right-radius:10px !important;border-bottom-left-radius:10px !important;overflow:hidden !important;}.stk-6dd3adc:before{background-color:#bdd1d2 !important;}<\/style><span class=\"stk--svg-wrapper\"><div class=\"stk--inner-svg\"><svg style=\"height:0;width:0\"><defs><lineargradient id=\"linear-gradient-6dd3adc\" x1=\"0\" x2=\"100%\" y1=\"0\" y2=\"0\"><stop offset=\"0%\" style=\"stop-opacity:1;stop-color:var(--linear-gradient-6-dd-3-adc-color-1)\"><\/stop><stop offset=\"100%\" style=\"stop-opacity:1;stop-color:var(--linear-gradient-6-dd-3-adc-color-2)\"><\/stop><\/lineargradient><\/defs><\/svg><svg xmlns=\"http:\/\/www.w3.org\/2000\/svg\" viewbox=\"0 0 640 512\" aria-hidden=\"true\" width=\"32\" height=\"32\"><path d=\"M96 64c0-17.7 14.3-32 32-32h32c17.7 0 32 14.3 32 32V224v64V448c0 17.7-14.3 32-32 32H128c-17.7 0-32-14.3-32-32V384H64c-17.7 0-32-14.3-32-32V288c-17.7 0-32-14.3-32-32s14.3-32 32-32V160c0-17.7 14.3-32 32-32H96V64zm448 0v64h32c17.7 0 32 14.3 32 32v64c17.7 0 32 14.3 32 32s-14.3 32-32 32v64c0 17.7-14.3 32-32 32H544v64c0 17.7-14.3 32-32 32H480c-17.7 0-32-14.3-32-32V288 224 64c0-17.7 14.3-32 32-32h32c17.7 0 32 14.3 32 32zM416 224v64H224V224H416z\"><\/path><\/svg><\/div><\/span><\/div>\n\n\n\n<div class=\"wp-block-stackable-heading stk-block-heading stk-block-heading--v2 stk-block stk-256c1e7\" id=\"a-href-https-www-vitalsenior-es-bienestar-fisico-personas-mayores-area-fisica-a\" data-block-id=\"256c1e7\"><h3 class=\"stk-block-heading__text has-text-align-center\"><a href=\"https:\/\/www.pink-gnu-148076.hostingersite.com\/bienestar-fisico-personas-mayores\/\" target=\"_blank\" rel=\"noopener\">\u00c0rea F\u00edsica<\/a><\/h3><\/div>\n\n\n\n<div class=\"wp-block-stackable-heading stk-block-heading stk-block-heading--v2 stk-block stk-f4d08b9\" id=\"movimiento-y-vitalidad-para-la-tercera-edad\" data-block-id=\"f4d08b9\"><h5 class=\"stk-block-heading__text has-text-align-center\">Moviment i vitalitat per a la tercera edat<\/h5><\/div>\n\n\n\n<div class=\"wp-block-stackable-icon-list stk-block-icon-list stk-block stk-51f3b6a\" data-block-id=\"51f3b6a\"><svg style=\"display:none\"><defs><g id=\"stk-icon-list__icon-svg-def-51f3b6a\"><svg xmlns=\"http:\/\/www.w3.org\/2000\/svg\" viewBox=\"0 0 190 190\"><polygon points=\"173.8,28.4 60.4,141.8 15.7,97.2 5.1,107.8 60.4,163 184.4,39 173.8,28.4\"\/><\/svg><\/g><\/defs><\/svg><ul class=\"stk-block-icon-list__ul stk-block-icon-list--column\">\n<li class=\"wp-block-stackable-icon-list-item stk-block-icon-list-item stk-block stk-a6c4485\" data-block-id=\"a6c4485\"><div class=\"stk-block-icon-list-item__content\"><span class=\"stk--svg-wrapper\"><div class=\"stk--inner-svg\"><svg aria-hidden=\"true\" width=\"32\" height=\"32\"><use xlink:href=\"#stk-icon-list__icon-svg-def-51f3b6a\"\/><\/svg><\/div><\/span><span class=\"stk-block-icon-list-item__text\">Barcelona<\/span><\/div><\/li>\n\n\n\n<li class=\"wp-block-stackable-icon-list-item stk-block-icon-list-item stk-block stk-30c72cf\" data-block-id=\"30c72cf\"><div class=\"stk-block-icon-list-item__content\"><span class=\"stk--svg-wrapper\"><div class=\"stk--inner-svg\"><svg aria-hidden=\"true\" width=\"32\" height=\"32\"><use xlink:href=\"#stk-icon-list__icon-svg-def-51f3b6a\"\/><\/svg><\/div><\/span><span class=\"stk-block-icon-list-item__text\">Madrid<\/span><\/div><\/li>\n\n\n\n<li class=\"wp-block-stackable-icon-list-item stk-block-icon-list-item stk-block stk-ba552aa\" data-block-id=\"ba552aa\"><div class=\"stk-block-icon-list-item__content\"><span class=\"stk--svg-wrapper\"><div class=\"stk--inner-svg\"><svg aria-hidden=\"true\" width=\"32\" height=\"32\"><use xlink:href=\"#stk-icon-list__icon-svg-def-51f3b6a\"\/><\/svg><\/div><\/span><span class=\"stk-block-icon-list-item__text\">Lleida<\/span><\/div><\/li>\n\n\n\n<li class=\"wp-block-stackable-icon-list-item stk-block-icon-list-item stk-block stk-2878fd1\" data-block-id=\"2878fd1\"><div class=\"stk-block-icon-list-item__content\"><span class=\"stk--svg-wrapper\"><div class=\"stk--inner-svg\"><svg aria-hidden=\"true\" width=\"32\" height=\"32\"><use xlink:href=\"#stk-icon-list__icon-svg-def-51f3b6a\"\/><\/svg><\/div><\/span><span class=\"stk-block-icon-list-item__text\">Tarragona<\/span><\/div><\/li>\n\n\n\n<li class=\"wp-block-stackable-icon-list-item stk-block-icon-list-item stk-block stk-fa3c62b\" data-block-id=\"fa3c62b\"><div class=\"stk-block-icon-list-item__content\"><span class=\"stk--svg-wrapper\"><div class=\"stk--inner-svg\"><svg aria-hidden=\"true\" width=\"32\" height=\"32\"><use xlink:href=\"#stk-icon-list__icon-svg-def-51f3b6a\"\/><\/svg><\/div><\/span><span class=\"stk-block-icon-list-item__text\">Tamb\u00e9 comptem amb disponibilitat per a altres ciutats d\u00b4Espanya.<\/span><\/div><\/li>\n<\/ul><\/div>\n<\/div><\/div><\/div>\n<\/div><\/div>\n<\/div><\/div><\/div>\n<\/div><\/div>\n","protected":false},"excerpt":{"rendered":"<p>Benestar emocional per a gent gran Els nostres serveis Creiem que la felicitat i la salut emocional s\u00f3n essencials per a un envelliment ple. Els nostres serveis estan dissenyats per enfortir el benestar emocional de la gent gran a trav\u00e9s de tallers interactius, suport psicol\u00f2gic i activitats de socialitzaci\u00f3. Tallers de Benestar Emocional Activitats de [&hellip;]<\/p>\n","protected":false},"author":1,"featured_media":0,"parent":0,"menu_order":3,"comment_status":"closed","ping_status":"closed","template":"","meta":{"give_campaign_id":0,"pgc_sgb_lightbox_settings":"","footnotes":""},"class_list":["post-1396","page","type-page","status-publish","hentry"],"blocksy_meta":[],"campaignId":"","_links":{"self":[{"href":"https:\/\/www.vitalsenior.es\/ca\/wp-json\/wp\/v2\/pages\/1396","targetHints":{"allow":["GET"]}}],"collection":[{"href":"https:\/\/www.vitalsenior.es\/ca\/wp-json\/wp\/v2\/pages"}],"about":[{"href":"https:\/\/www.vitalsenior.es\/ca\/wp-json\/wp\/v2\/types\/page"}],"author":[{"embeddable":true,"href":"https:\/\/www.vitalsenior.es\/ca\/wp-json\/wp\/v2\/users\/1"}],"replies":[{"embeddable":true,"href":"https:\/\/www.vitalsenior.es\/ca\/wp-json\/wp\/v2\/comments?post=1396"}],"version-history":[{"count":3,"href":"https:\/\/www.vitalsenior.es\/ca\/wp-json\/wp\/v2\/pages\/1396\/revisions"}],"predecessor-version":[{"id":2881,"href":"https:\/\/www.vitalsenior.es\/ca\/wp-json\/wp\/v2\/pages\/1396\/revisions\/2881"}],"wp:attachment":[{"href":"https:\/\/www.vitalsenior.es\/ca\/wp-json\/wp\/v2\/media?parent=1396"}],"curies":[{"name":"wp","href":"https:\/\/api.w.org\/{rel}","templated":true}]}}